{"id":33,"date":"2023-04-11T17:45:43","date_gmt":"2023-04-11T15:45:43","guid":{"rendered":"https:\/\/ambasciatapraga.esteri.it\/?page_id=33"},"modified":"2023-04-11T17:45:43","modified_gmt":"2023-04-11T15:45:43","slug":"dall_ambasciata","status":"publish","type":"page","link":"https:\/\/ambchisinau.esteri.it\/it\/news\/dall_ambasciata\/","title":{"rendered":"Dall&#8217;Ambasciata"},"content":{"rendered":"        <div class=\"row\">\n\t\t\t<!-- Ricerca sedi post -->\n\t\t\t<div class=\"col-12 mt-4\">\n\t\t\t  <div class=\"callout callout-highlight note ricerca-esteri p-4\">\n                    <div class=\"callout-title\">\n                        <svg class=\"icon\">\n                            <use xlink:href=\"https:\/\/ambchisinau.esteri.it\/wp-content\/themes\/sedi-tema\/assets\/svg\/sprites.svg#it-search\"><\/use>\n                        <\/svg>Inserisci i parametri di ricerca                    <\/div>\n                    <form id=\"searchFormPost\" name=\"form-search-post\" class=\"form-row align-items-center\" action=\"https:\/\/ambchisinau.esteri.it\/it\/wp-json\/wp\/v2\/pages\/33\/\" method=\"GET\"> \n                        <!-- <div class=\"form-group pt-5\"> -->\n                            <!-- <input type=\"hidden\" id=\"lang\" name=\"lang\" value=\"\"> --> <!-- <\/div> -->\n\n                        <div class=\"it-datepicker-wrapper\">\n                            <div class=\"row\">\n                                <div class=\"form-group col-md-6\">\n                                    <label class=\"active\" for=\"date-init\">Dal<\/label>\n                                    <input class=\"form-control\" name=\"date-init\" id=\"date-init\" type=\"date\" placeholder=\"gg\/mm\/aaaa\" value=\"\"lang=\"en-EN\">  \n                                <\/div>\n                                <div class=\"form-group col-md-6\">\n                                    <label class=\"active\" for=\"date-end\">Al<\/label>\n                                    <input class=\"form-control\" name=\"date-end\" id=\"date-end\" type=\"date\" placeholder=\"gg\/mm\/aaaa\" value=\"\">\n                                <\/div>\n                            <\/div>\n                        <\/div>\n                        <div class=\"form-group col-md-12 mt-3\">\n                            <label for=\"searchText\">Campo ricerca libera<\/label>\n                            <input type=\"text\" name=\"searchText\" class=\"form-control\" id=\"searchText\" value=\"\">\n                        <\/div>\n                        <div class=\"form-group col-md-4 offset-md-8 text-end\">\n                            <a href=\"https:\/\/ambchisinau.esteri.it\/it\/news\/dall_ambasciata\/\" title=\"Form reset\" id=\"resetImput\" class=\"btn btn-outline-primary btn-xs\">Reset<\/a>\n                            <button type=\"submit\" class=\"btn btn-primary btn-xs\">Mostra risultati<\/button>\n                        <\/div>\n                    <\/form>\n\t\t\t\t<\/div>\n\t\t\t<\/div>\n\t\t<\/div>\n                    \n            <div class=\"row\">\n                            <div class=\"col-12 mt-3\">\n                <!--start card-->\n                <div class=\"card-wrapper card-space\">\n                    <div class=\"card card-bg card-big border-bottom-card\">\n                        <div class=\"card-body \">\n                                                        <div class=\"category-top\">\n                                                                                                            <span class=\"\">\n                                        <svg class=\"icon icon-secondary\">\n                                            <use xlink:href=\"https:\/\/ambchisinau.esteri.it\/wp-content\/themes\/sedi-tema\/assets\/svg\/sprites.svg#it-calendar\"><\/use>\n                                        <\/svg> 24 Aprile 2026                                    <\/span>\n                                                                    <\/div>\n                            <h5 class=\"card-title big-heading text-uppercase\"><a class=\"text-body text-decoration-none\" href=\"https:\/\/ambchisinau.esteri.it\/it\/news\/dall_ambasciata\/2026\/04\/business-insights-from-italy-a-letter-to-international-investors-aprile-2026\/\" title=\"Business Insights from Italy \u2013 A Letter to International Investors. Aprile 2026\">Business Insights from Italy \u2013 A Letter to International Investors. Aprile 2026<\/a><\/h5>\n                            <p class=\"card-text\">\u00c8 online il nuovo numero di\u00a0Business Insights from Italy &#8211; A Letter to International Investors &#8211; la newsletter mensile del Ministero degli Affari Esteri e della Cooperazione Internazionale, realizzata in collaborazione con The European House \u2013 Ambrosetti. La pubblicazione offre una panoramica aggiornata sulle opportunit\u00e0 economiche e di investimento in Italia, con analisi e approfondimenti [&hellip;]<\/p>\n                                <a title=\"Business Insights from Italy \u2013 A Letter to International Investors. Aprile 2026\" class=\"read-more\" href=\"https:\/\/ambchisinau.esteri.it\/it\/news\/dall_ambasciata\/2026\/04\/business-insights-from-italy-a-letter-to-international-investors-aprile-2026\/\">\n                                    <span class=\"text\">Leggi di pi\u00f9<\/span>\n                                    <svg class=\"icon\">\n                                    <use xlink:href=\"https:\/\/ambchisinau.esteri.it\/wp-content\/themes\/sedi-tema\/assets\/svg\/sprites.svg#it-arrow-right\"><\/use>\n                                    <\/svg>\n                                <\/a>\n                                                    <\/div>\n                    <\/div>\n                <\/div>\n                <!--end card-->\n                <\/div><!-- col-12 .mt-3-->\n                            <div class=\"col-12 mt-3\">\n                <!--start card-->\n                <div class=\"card-wrapper card-space\">\n                    <div class=\"card card-bg card-big border-bottom-card\">\n                        <div class=\"card-body \">\n                                                        <div class=\"category-top\">\n                                                                                                            <span class=\"\">\n                                        <svg class=\"icon icon-secondary\">\n                                            <use xlink:href=\"https:\/\/ambchisinau.esteri.it\/wp-content\/themes\/sedi-tema\/assets\/svg\/sprites.svg#it-calendar\"><\/use>\n                                        <\/svg> 1 Aprile 2026                                    <\/span>\n                                                                    <\/div>\n                            <h5 class=\"card-title big-heading text-uppercase\"><a class=\"text-body text-decoration-none\" href=\"https:\/\/ambchisinau.esteri.it\/it\/news\/dall_ambasciata\/2026\/04\/bando-msc-universita-di-verona\/\" title=\"Bando MSc Universit\u00e0 di Verona\">Bando MSc Universit\u00e0 di Verona<\/a><\/h5>\n                            <p class=\"card-text\">Si segnala la pubblicazione del bando dell\u2019Universit\u00e0 di Verona, in collaborazione con le Universit\u00e0 di Bamberg, Bordeaux e Porto, per l\u2019ammissione al corso di laurea magistrale (MSc) in\u00a0International Economics and Business Administration. La scadenza per la presentazione delle candidature \u00e8 fissata al 12 aprile 2026. Tutte le informazioni sono disponibili al seguente link:\u00a0https:\/\/www.unicandidate.com\/international-economics-and-business-administration-ieba-2026-2027\/international-economics-and-business-administration-2026-2027<\/p>\n                                <a title=\"Bando MSc Universit\u00e0 di Verona\" class=\"read-more\" href=\"https:\/\/ambchisinau.esteri.it\/it\/news\/dall_ambasciata\/2026\/04\/bando-msc-universita-di-verona\/\">\n                                    <span class=\"text\">Leggi di pi\u00f9<\/span>\n                                    <svg class=\"icon\">\n                                    <use xlink:href=\"https:\/\/ambchisinau.esteri.it\/wp-content\/themes\/sedi-tema\/assets\/svg\/sprites.svg#it-arrow-right\"><\/use>\n                                    <\/svg>\n                                <\/a>\n                                                    <\/div>\n                    <\/div>\n                <\/div>\n                <!--end card-->\n                <\/div><!-- col-12 .mt-3-->\n                            <div class=\"col-12 mt-3\">\n                <!--start card-->\n                <div class=\"card-wrapper card-space\">\n                    <div class=\"card card-bg card-big border-bottom-card\">\n                        <div class=\"card-body \">\n                                                        <div class=\"category-top\">\n                                                                                                            <span class=\"\">\n                                        <svg class=\"icon icon-secondary\">\n                                            <use xlink:href=\"https:\/\/ambchisinau.esteri.it\/wp-content\/themes\/sedi-tema\/assets\/svg\/sprites.svg#it-calendar\"><\/use>\n                                        <\/svg> 27 Marzo 2026                                    <\/span>\n                                                                    <\/div>\n                            <h5 class=\"card-title big-heading text-uppercase\"><a class=\"text-body text-decoration-none\" href=\"https:\/\/ambchisinau.esteri.it\/it\/news\/dall_ambasciata\/2026\/03\/pagamento-delle-pensioni-inps-allestero-campagna-di-accertamento-dellesistenza-in-vita-prima-fase-anno-2026\/\" title=\"Pagamento delle pensioni INPS all&#8217;estero &#8211; Campagna di accertamento dell&#8217;esistenza in vita. Prima fase anno 2026\">Pagamento delle pensioni INPS all&#8217;estero &#8211; Campagna di accertamento dell&#8217;esistenza in vita. Prima fase anno 2026<\/a><\/h5>\n                            <p class=\"card-text\">Si comunica che l\u2019INPS ha avviato la prima fase della campagna di accertamento dell\u2019esistenza in vita dei pensionati che riscuotono la pensione all\u2019estero. Pertanto, a partire dal 20 marzo 2026, Citibank N.A. provveder\u00e0 alla spedizione delle richieste di attestazione ai pensionati residenti nella circoscrizione consolare di questa Ambasciata. Si precisa che le attestazioni dovranno essere [&hellip;]<\/p>\n                                <a title=\"Pagamento delle pensioni INPS all&#8217;estero &#8211; Campagna di accertamento dell&#8217;esistenza in vita. Prima fase anno 2026\" class=\"read-more\" href=\"https:\/\/ambchisinau.esteri.it\/it\/news\/dall_ambasciata\/2026\/03\/pagamento-delle-pensioni-inps-allestero-campagna-di-accertamento-dellesistenza-in-vita-prima-fase-anno-2026\/\">\n                                    <span class=\"text\">Leggi di pi\u00f9<\/span>\n                                    <svg class=\"icon\">\n                                    <use xlink:href=\"https:\/\/ambchisinau.esteri.it\/wp-content\/themes\/sedi-tema\/assets\/svg\/sprites.svg#it-arrow-right\"><\/use>\n                                    <\/svg>\n                                <\/a>\n                                                    <\/div>\n                    <\/div>\n                <\/div>\n                <!--end card-->\n                <\/div><!-- col-12 .mt-3-->\n                            <div class=\"col-12 mt-3\">\n                <!--start card-->\n                <div class=\"card-wrapper card-space\">\n                    <div class=\"card card-bg card-big border-bottom-card\">\n                        <div class=\"card-body \">\n                                                        <div class=\"category-top\">\n                                                                                                            <span class=\"\">\n                                        <svg class=\"icon icon-secondary\">\n                                            <use xlink:href=\"https:\/\/ambchisinau.esteri.it\/wp-content\/themes\/sedi-tema\/assets\/svg\/sprites.svg#it-calendar\"><\/use>\n                                        <\/svg> 25 Marzo 2026                                    <\/span>\n                                                                    <\/div>\n                            <h5 class=\"card-title big-heading text-uppercase\"><a class=\"text-body text-decoration-none\" href=\"https:\/\/ambchisinau.esteri.it\/it\/news\/dall_ambasciata\/2026\/03\/business-insights-from-italy-a-letter-to-international-investors-marzo-2026\/\" title=\"Business Insights from Italy \u2013 A Letter to International Investors. Marzo 2026\">Business Insights from Italy \u2013 A Letter to International Investors. Marzo 2026<\/a><\/h5>\n                            <p class=\"card-text\">\u00c8 online il nuovo numero di\u00a0Business Insights from Italy &#8211; A Letter to International Investors &#8211; la newsletter mensile del Ministero degli Affari Esteri e della Cooperazione Internazionale, realizzata in collaborazione con The European House \u2013 Ambrosetti. La pubblicazione offre una panoramica aggiornata sulle opportunit\u00e0 economiche e di investimento in Italia, con analisi e approfondimenti [&hellip;]<\/p>\n                                <a title=\"Business Insights from Italy \u2013 A Letter to International Investors. Marzo 2026\" class=\"read-more\" href=\"https:\/\/ambchisinau.esteri.it\/it\/news\/dall_ambasciata\/2026\/03\/business-insights-from-italy-a-letter-to-international-investors-marzo-2026\/\">\n                                    <span class=\"text\">Leggi di pi\u00f9<\/span>\n                                    <svg class=\"icon\">\n                                    <use xlink:href=\"https:\/\/ambchisinau.esteri.it\/wp-content\/themes\/sedi-tema\/assets\/svg\/sprites.svg#it-arrow-right\"><\/use>\n                                    <\/svg>\n                                <\/a>\n                                                    <\/div>\n                    <\/div>\n                <\/div>\n                <!--end card-->\n                <\/div><!-- col-12 .mt-3-->\n                            <div class=\"col-12 mt-3\">\n                <!--start card-->\n                <div class=\"card-wrapper card-space\">\n                    <div class=\"card card-bg card-big border-bottom-card\">\n                        <div class=\"card-body \">\n                                                        <div class=\"category-top\">\n                                                                                                            <span class=\"\">\n                                        <svg class=\"icon icon-secondary\">\n                                            <use xlink:href=\"https:\/\/ambchisinau.esteri.it\/wp-content\/themes\/sedi-tema\/assets\/svg\/sprites.svg#it-calendar\"><\/use>\n                                        <\/svg> 18 Marzo 2026                                    <\/span>\n                                                                    <\/div>\n                            <h5 class=\"card-title big-heading text-uppercase\"><a class=\"text-body text-decoration-none\" href=\"https:\/\/ambchisinau.esteri.it\/it\/news\/dall_ambasciata\/2026\/03\/borse-di-studio-per-studenti-internazionali-delluniversita-gabriele-dannunzio-di-chieti-pescara\/\" title=\"Borse di studio per studenti internazionali dell\u2019Universit\u00e0 \u201cGabriele d\u2019Annunzio\u201d di Chieti-Pescara\">Borse di studio per studenti internazionali dell\u2019Universit\u00e0 \u201cGabriele d\u2019Annunzio\u201d di Chieti-Pescara<\/a><\/h5>\n                            <p class=\"card-text\">L\u2019Universit\u00e0 \u201cGabriele d\u2019Annunzio\u201d di Chieti-Pescara informa che \u00e8 stato pubblicato un bando per l\u2019assegnazione di n. 15 borse di studio destinate a studenti internazionali. Il testo completo del bando, comprensivo dei requisiti di partecipazione, delle modalit\u00e0 di candidatura e delle scadenze, \u00e8 disponibile al seguente link:\u00a0https:\/\/www.unich.it\/international\/international-students\/call-application. Si veda anche la sezione Studiare in Italia. &nbsp;<\/p>\n                                <a title=\"Borse di studio per studenti internazionali dell\u2019Universit\u00e0 \u201cGabriele d\u2019Annunzio\u201d di Chieti-Pescara\" class=\"read-more\" href=\"https:\/\/ambchisinau.esteri.it\/it\/news\/dall_ambasciata\/2026\/03\/borse-di-studio-per-studenti-internazionali-delluniversita-gabriele-dannunzio-di-chieti-pescara\/\">\n                                    <span class=\"text\">Leggi di pi\u00f9<\/span>\n                                    <svg class=\"icon\">\n                                    <use xlink:href=\"https:\/\/ambchisinau.esteri.it\/wp-content\/themes\/sedi-tema\/assets\/svg\/sprites.svg#it-arrow-right\"><\/use>\n                                    <\/svg>\n                                <\/a>\n                                                    <\/div>\n                    <\/div>\n                <\/div>\n                <!--end card-->\n                <\/div><!-- col-12 .mt-3-->\n                            <div class=\"col-12 mt-3\">\n                <!--start card-->\n                <div class=\"card-wrapper card-space\">\n                    <div class=\"card card-bg card-big border-bottom-card\">\n                        <div class=\"card-body \">\n                                                        <div class=\"category-top\">\n                                                                                                            <span class=\"\">\n                                        <svg class=\"icon icon-secondary\">\n                                            <use xlink:href=\"https:\/\/ambchisinau.esteri.it\/wp-content\/themes\/sedi-tema\/assets\/svg\/sprites.svg#it-calendar\"><\/use>\n                                        <\/svg> 13 Marzo 2026                                    <\/span>\n                                                                    <\/div>\n                            <h5 class=\"card-title big-heading text-uppercase\"><a class=\"text-body text-decoration-none\" href=\"https:\/\/ambchisinau.esteri.it\/it\/news\/dall_ambasciata\/2026\/03\/borse-di-studio-ordinarie-e-italofonia-offerte-dal-governo-italiano-a-a-2026-2027\/\" title=\"Borse di studio ordinarie e Italofonia, offerte dal Governo Italiano, a.a. 2026-2027\">Borse di studio ordinarie e Italofonia, offerte dal Governo Italiano, a.a. 2026-2027<\/a><\/h5>\n                            <p class=\"card-text\">E\u2019 stato pubblicato il Bando per l\u2019assegnazione delle borse di studio ordinarie e italofonia, offerte dal Ministero degli Affari Esteri e della Cooperazione Internazionale (MAECI) per\u00a0l\u2019anno accademico 2026-2027. Il bando \u00e8 aperto sia a studenti stranieri che a cittadini italiani residenti all\u2019estero (IRE). Le borse di studio sono uno strumento di diplomazia culturale volto a [&hellip;]<\/p>\n                                <a title=\"Borse di studio ordinarie e Italofonia, offerte dal Governo Italiano, a.a. 2026-2027\" class=\"read-more\" href=\"https:\/\/ambchisinau.esteri.it\/it\/news\/dall_ambasciata\/2026\/03\/borse-di-studio-ordinarie-e-italofonia-offerte-dal-governo-italiano-a-a-2026-2027\/\">\n                                    <span class=\"text\">Leggi di pi\u00f9<\/span>\n                                    <svg class=\"icon\">\n                                    <use xlink:href=\"https:\/\/ambchisinau.esteri.it\/wp-content\/themes\/sedi-tema\/assets\/svg\/sprites.svg#it-arrow-right\"><\/use>\n                                    <\/svg>\n                                <\/a>\n                                                    <\/div>\n                    <\/div>\n                <\/div>\n                <!--end card-->\n                <\/div><!-- col-12 .mt-3-->\n                            <div class=\"col-12 mt-3\">\n                <!--start card-->\n                <div class=\"card-wrapper card-space\">\n                    <div class=\"card card-bg card-big border-bottom-card\">\n                        <div class=\"card-body \">\n                                                        <div class=\"category-top\">\n                                                                                                            <span class=\"\">\n                                        <svg class=\"icon icon-secondary\">\n                                            <use xlink:href=\"https:\/\/ambchisinau.esteri.it\/wp-content\/themes\/sedi-tema\/assets\/svg\/sprites.svg#it-calendar\"><\/use>\n                                        <\/svg> 9 Marzo 2026                                    <\/span>\n                                                                    <\/div>\n                            <h5 class=\"card-title big-heading text-uppercase\"><a class=\"text-body text-decoration-none\" href=\"https:\/\/ambchisinau.esteri.it\/it\/news\/dall_ambasciata\/2026\/03\/universita-di-bologna-campus-di-forli\/\" title=\"Universit\u00e0 di Bologna, Campus di Forl\u00ec\">Universit\u00e0 di Bologna, Campus di Forl\u00ec<\/a><\/h5>\n                            <p class=\"card-text\">Borse di studio offerte da Universit\u00e0 italiane. Si veda anche la sezione\u00a0Studiare in Italia Si informa che sono aperti i bandi di ammissione per l\u2019anno accademico 2026\/2027 presso l\u2019Universit\u00e0 di Bologna \u2013 Campus di Forl\u00ec per i seguenti corsi di studio: Laurea triennale in Lingue, Tecnologie e Comunicazione Interculturale (LinTec) Informazioni e modalit\u00e0 di iscrizione:\u00a0https:\/\/corsi.unibo.it\/laurea\/LingueTecnologieComunicazioneInterculturale\/iscriversi-al-corso [&hellip;]<\/p>\n                                <a title=\"Universit\u00e0 di Bologna, Campus di Forl\u00ec\" class=\"read-more\" href=\"https:\/\/ambchisinau.esteri.it\/it\/news\/dall_ambasciata\/2026\/03\/universita-di-bologna-campus-di-forli\/\">\n                                    <span class=\"text\">Leggi di pi\u00f9<\/span>\n                                    <svg class=\"icon\">\n                                    <use xlink:href=\"https:\/\/ambchisinau.esteri.it\/wp-content\/themes\/sedi-tema\/assets\/svg\/sprites.svg#it-arrow-right\"><\/use>\n                                    <\/svg>\n                                <\/a>\n                                                    <\/div>\n                    <\/div>\n                <\/div>\n                <!--end card-->\n                <\/div><!-- col-12 .mt-3-->\n                            <div class=\"col-12 mt-3\">\n                <!--start card-->\n                <div class=\"card-wrapper card-space\">\n                    <div class=\"card card-bg card-big border-bottom-card\">\n                        <div class=\"card-body \">\n                                                        <div class=\"category-top\">\n                                                                                                            <span class=\"\">\n                                        <svg class=\"icon icon-secondary\">\n                                            <use xlink:href=\"https:\/\/ambchisinau.esteri.it\/wp-content\/themes\/sedi-tema\/assets\/svg\/sprites.svg#it-calendar\"><\/use>\n                                        <\/svg> 27 Febbraio 2026                                    <\/span>\n                                                                    <\/div>\n                            <h5 class=\"card-title big-heading text-uppercase\"><a class=\"text-body text-decoration-none\" href=\"https:\/\/ambchisinau.esteri.it\/it\/news\/dall_ambasciata\/2026\/02\/referendum-costituzionale-2026-rilascio-dei-duplicati\/\" title=\"Referendum costituzionale 2026: RILASCIO DEI DUPLICATI\">Referendum costituzionale 2026: RILASCIO DEI DUPLICATI<\/a><\/h5>\n                            <p class=\"card-text\">Si informa che A PARTIRE DA DOMENICA 8 MARZO 2026 gli elettori che non hanno ricevuto il plico elettorale per il voto per corrispondenza in occasione del referendum costituzionale del 22 e 23 marzo al proprio indirizzo di residenza potranno richiederne un DUPLICATO a questa Ambasciata. La richiesta di duplicato potr\u00e0 essere presentata di persona [&hellip;]<\/p>\n                                <a title=\"Referendum costituzionale 2026: RILASCIO DEI DUPLICATI\" class=\"read-more\" href=\"https:\/\/ambchisinau.esteri.it\/it\/news\/dall_ambasciata\/2026\/02\/referendum-costituzionale-2026-rilascio-dei-duplicati\/\">\n                                    <span class=\"text\">Leggi di pi\u00f9<\/span>\n                                    <svg class=\"icon\">\n                                    <use xlink:href=\"https:\/\/ambchisinau.esteri.it\/wp-content\/themes\/sedi-tema\/assets\/svg\/sprites.svg#it-arrow-right\"><\/use>\n                                    <\/svg>\n                                <\/a>\n                                                    <\/div>\n                    <\/div>\n                <\/div>\n                <!--end card-->\n                <\/div><!-- col-12 .mt-3-->\n                            <div class=\"col-12 mt-3\">\n                <!--start card-->\n                <div class=\"card-wrapper card-space\">\n                    <div class=\"card card-bg card-big border-bottom-card\">\n                        <div class=\"card-body \">\n                                                        <div class=\"category-top\">\n                                                                                                            <span class=\"\">\n                                        <svg class=\"icon icon-secondary\">\n                                            <use xlink:href=\"https:\/\/ambchisinau.esteri.it\/wp-content\/themes\/sedi-tema\/assets\/svg\/sprites.svg#it-calendar\"><\/use>\n                                        <\/svg> 25 Febbraio 2026                                    <\/span>\n                                                                    <\/div>\n                            <h5 class=\"card-title big-heading text-uppercase\"><a class=\"text-body text-decoration-none\" href=\"https:\/\/ambchisinau.esteri.it\/it\/news\/dall_ambasciata\/2026\/02\/business-insights-from-italy-a-letter-to-international-investors-febbraio-2026\/\" title=\"Business Insights from Italy \u2013 A Letter to International Investors. Febbraio 2026\">Business Insights from Italy \u2013 A Letter to International Investors. Febbraio 2026<\/a><\/h5>\n                            <p class=\"card-text\">\u00c8 online il nuovo numero di\u00a0Business Insights from Italy &#8211; A Letter to International Investors &#8211; la newsletter mensile del Ministero degli Affari Esteri e della Cooperazione Internazionale, realizzata in collaborazione con The European House \u2013 Ambrosetti. La pubblicazione offre una panoramica aggiornata sulle opportunit\u00e0 economiche e di investimento in Italia, con analisi e approfondimenti [&hellip;]<\/p>\n                                <a title=\"Business Insights from Italy \u2013 A Letter to International Investors. Febbraio 2026\" class=\"read-more\" href=\"https:\/\/ambchisinau.esteri.it\/it\/news\/dall_ambasciata\/2026\/02\/business-insights-from-italy-a-letter-to-international-investors-febbraio-2026\/\">\n                                    <span class=\"text\">Leggi di pi\u00f9<\/span>\n                                    <svg class=\"icon\">\n                                    <use xlink:href=\"https:\/\/ambchisinau.esteri.it\/wp-content\/themes\/sedi-tema\/assets\/svg\/sprites.svg#it-arrow-right\"><\/use>\n                                    <\/svg>\n                                <\/a>\n                                                    <\/div>\n                    <\/div>\n                <\/div>\n                <!--end card-->\n                <\/div><!-- col-12 .mt-3-->\n                            <div class=\"col-12 mt-3\">\n                <!--start card-->\n                <div class=\"card-wrapper card-space\">\n                    <div class=\"card card-bg card-big border-bottom-card\">\n                        <div class=\"card-body \">\n                                                        <div class=\"category-top\">\n                                                                                                            <span class=\"\">\n                                        <svg class=\"icon icon-secondary\">\n                                            <use xlink:href=\"https:\/\/ambchisinau.esteri.it\/wp-content\/themes\/sedi-tema\/assets\/svg\/sprites.svg#it-calendar\"><\/use>\n                                        <\/svg> 5 Febbraio 2026                                    <\/span>\n                                                                    <\/div>\n                            <h5 class=\"card-title big-heading text-uppercase\"><a class=\"text-body text-decoration-none\" href=\"https:\/\/ambchisinau.esteri.it\/it\/news\/dall_ambasciata\/2026\/02\/avviso-al-pubblico-interruzione-dei-servizi-di-accettazione-e-rilascio-dei-visti-13-17-febbraio-2026\/\" title=\"Avviso al pubblico: interruzione dei servizi di accettazione e rilascio dei visti. 13-17 febbraio 2026\">Avviso al pubblico: interruzione dei servizi di accettazione e rilascio dei visti. 13-17 febbraio 2026<\/a><\/h5>\n                            <p class=\"card-text\">Si comunica che dal 13 al 17 febbraio 2026 il sistema operativo VIS sar\u00e0 interessato da un fermo operativo temporaneo. Si tratta di un intervento tecnico programmato e urgente che comporter\u00e0 la momentanea sospensione delle attivit\u00e0 di ricezione e trattazione delle domande di visto, nonch\u00e9 quella di emissione di visti d\u2019ingresso. Tale sospensione riguarder\u00e0 anche [&hellip;]<\/p>\n                                <a title=\"Avviso al pubblico: interruzione dei servizi di accettazione e rilascio dei visti. 13-17 febbraio 2026\" class=\"read-more\" href=\"https:\/\/ambchisinau.esteri.it\/it\/news\/dall_ambasciata\/2026\/02\/avviso-al-pubblico-interruzione-dei-servizi-di-accettazione-e-rilascio-dei-visti-13-17-febbraio-2026\/\">\n                                    <span class=\"text\">Leggi di pi\u00f9<\/span>\n                                    <svg class=\"icon\">\n                                    <use xlink:href=\"https:\/\/ambchisinau.esteri.it\/wp-content\/themes\/sedi-tema\/assets\/svg\/sprites.svg#it-arrow-right\"><\/use>\n                                    <\/svg>\n                                <\/a>\n                                                    <\/div>\n                    <\/div>\n                <\/div>\n                <!--end card-->\n                <\/div><!-- col-12 .mt-3-->\n            \n            <div class=\"col-md-12 mt-4 pb-4\">\n                <nav class=\"navigation col-md-12\" aria-label=\"Navigation\">\n                    <h2 class=\"screen-reader-text visually-hidden\">Paginazione<\/h2>\n                    <div class=\"nav-links\">\n                    <span aria-current=\"page\" class=\"page-numbers current\">1<\/span>\n<a class=\"page-numbers\" href=\"https:\/\/ambchisinau.esteri.it\/it\/wp-json\/wp\/v2\/pages\/33\/?pag=2\">2<\/a>\n<a class=\"page-numbers\" href=\"https:\/\/ambchisinau.esteri.it\/it\/wp-json\/wp\/v2\/pages\/33\/?pag=3\">3<\/a>\n<span class=\"page-numbers dots\">&hellip;<\/span>\n<a class=\"page-numbers\" href=\"https:\/\/ambchisinau.esteri.it\/it\/wp-json\/wp\/v2\/pages\/33\/?pag=40\">40<\/a>\n<a class=\"next page-numbers\" href=\"https:\/\/ambchisinau.esteri.it\/it\/wp-json\/wp\/v2\/pages\/33\/?pag=2\"><svg class=\"icon icon-primary\"><use xlink:href=\"https:\/\/ambchisinau.esteri.it\/wp-content\/themes\/sedi-tema\/assets\/svg\/sprites.svg#it-chevron-right\"><\/use><\/svg>\n                                    <span class=\"visually-hidden\">Pagina successiva<\/span><\/a>                    <\/div>\n                <\/nav>\n            <\/div>   <!--.col-md-12 -->\n              <\/div><!--.row -->\n              \n","protected":false},"excerpt":{"rendered":"","protected":false},"author":1,"featured_media":0,"parent":16,"menu_order":0,"comment_status":"closed","ping_status":"closed","template":"","meta":{"footnotes":""},"class_list":["post-33","page","type-page","status-publish","hentry"],"_links":{"self":[{"href":"https:\/\/ambchisinau.esteri.it\/it\/wp-json\/wp\/v2\/pages\/33","targetHints":{"allow":["GET"]}}],"collection":[{"href":"https:\/\/ambchisinau.esteri.it\/it\/wp-json\/wp\/v2\/pages"}],"about":[{"href":"https:\/\/ambchisinau.esteri.it\/it\/wp-json\/wp\/v2\/types\/page"}],"author":[{"embeddable":true,"href":"https:\/\/ambchisinau.esteri.it\/it\/wp-json\/wp\/v2\/users\/1"}],"replies":[{"embeddable":true,"href":"https:\/\/ambchisinau.esteri.it\/it\/wp-json\/wp\/v2\/comments?post=33"}],"version-history":[{"count":1,"href":"https:\/\/ambchisinau.esteri.it\/it\/wp-json\/wp\/v2\/pages\/33\/revisions"}],"predecessor-version":[{"id":34,"href":"https:\/\/ambchisinau.esteri.it\/it\/wp-json\/wp\/v2\/pages\/33\/revisions\/34"}],"up":[{"embeddable":true,"href":"https:\/\/ambchisinau.esteri.it\/it\/wp-json\/wp\/v2\/pages\/16"}],"wp:attachment":[{"href":"https:\/\/ambchisinau.esteri.it\/it\/wp-json\/wp\/v2\/media?parent=33"}],"curies":[{"name":"wp","href":"https:\/\/api.w.org\/{rel}","templated":true}]}}