{"id":124,"date":"2023-04-11T17:07:36","date_gmt":"2023-04-11T15:07:36","guid":{"rendered":"https:\/\/ambchisinau.esteri.it\/chi-siamo\/"},"modified":"2023-10-26T11:18:46","modified_gmt":"2023-10-26T09:18:46","slug":"chi-siamo","status":"publish","type":"page","link":"https:\/\/ambchisinau.esteri.it\/ro\/chi-siamo\/","title":{"rendered":"Cine suntem noi"},"content":{"rendered":"<p class=\"boxLevel03\">Ambasada Italiei la Chi\u0219in\u0103u a fost instituit\u0103 \u00een anul 2008.<br \/>\n\u00cen 2009, Reprezentan\u021ba diplomatic\u0103 a devenit pe deplin func\u021bional\u0103, cu prestarea serviciilor consulare pentru public.<br \/>\nP\u00e2n\u0103 la deschidere, Republica Moldova se afla \u00een circumscrip\u021bia de competen\u021b\u0103 a Ambasadei Italiei la Bucure\u0219ti.<\/p>\n<p class=\"boxLevel03\">Ambasada Italiei se ocup\u0103 de rela\u021biile diplomatice ale \u021a\u0103rii noastre cu Republica Moldova, \u00een special \u00een domeniul politic, economic, comercial \u0219i cultural. \u00cen plus, la indica\u021biile Ministerului italian al Afacerilor Externe \u0219i Cooper\u0103rii Interna\u021bionale, Ambasada are menirea de a reprezenta pozi\u021bia Italiei \u00een chestiunile politice interna\u021bionale, cum ar fi \u0219i sus\u021binerea Moldova \u00een parcursul s\u0103u european.<\/p>\n<p class=\"boxLevel03\">Ambasada reprezint\u0103, de asemenea, interesele \u00eentreprinderilor italiene \u00een rela\u021biile economice \u0219i comerciale cu Republica Moldova \u0219i promoveaz\u0103 difuzarea culturii \u0219i limbii italiene.<\/p>\n<p>Prin intermediul propriilor oficii consulare, Ambasada presteaz\u0103 servicii cona\u021bionalilor \u00eenscri\u0219i \u00een Registrul Italienilor Reziden\u021bi peste Hotare (AIRE) \u0219i ofer\u0103 asisten\u021b\u0103 turi\u0219tilor italieni \u00een situa\u021bii de urgen\u021b\u0103.<\/p>\n<p class=\"boxLevel03\">\u00cen fine, Ambasada elibereaz\u0103 vize cet\u0103\u021benilor str\u0103ini, reziden\u021bi \u00een Republica Moldova.<\/p>\n","protected":false},"excerpt":{"rendered":"Ambasada Italiei la Chi\u0219in\u0103u a fost instituit\u0103 \u00een anul 2008. \u00cen 2009, Reprezentan\u021ba diplomatic\u0103 a devenit pe deplin func\u021bional\u0103, cu prestarea serviciilor consulare pentru public. P\u00e2n\u0103 la deschidere, Republica Moldova se afla \u00een circumscrip\u021bia de competen\u021b\u0103 a Ambasadei Italiei la Bucure\u0219ti. Ambasada Italiei se ocup\u0103 de rela\u021biile diplomatice ale \u021a\u0103rii noastre cu Republica Moldova, \u00een [&hellip;]","protected":false},"author":1,"featured_media":0,"parent":0,"menu_order":2,"comment_status":"closed","ping_status":"closed","template":"","meta":{"footnotes":""},"class_list":["post-124","page","type-page","status-publish","hentry"],"_links":{"self":[{"href":"https:\/\/ambchisinau.esteri.it\/ro\/wp-json\/wp\/v2\/pages\/124","targetHints":{"allow":["GET"]}}],"collection":[{"href":"https:\/\/ambchisinau.esteri.it\/ro\/wp-json\/wp\/v2\/pages"}],"about":[{"href":"https:\/\/ambchisinau.esteri.it\/ro\/wp-json\/wp\/v2\/types\/page"}],"author":[{"embeddable":true,"href":"https:\/\/ambchisinau.esteri.it\/ro\/wp-json\/wp\/v2\/users\/1"}],"replies":[{"embeddable":true,"href":"https:\/\/ambchisinau.esteri.it\/ro\/wp-json\/wp\/v2\/comments?post=124"}],"version-history":[{"count":2,"href":"https:\/\/ambchisinau.esteri.it\/ro\/wp-json\/wp\/v2\/pages\/124\/revisions"}],"predecessor-version":[{"id":245,"href":"https:\/\/ambchisinau.esteri.it\/ro\/wp-json\/wp\/v2\/pages\/124\/revisions\/245"}],"wp:attachment":[{"href":"https:\/\/ambchisinau.esteri.it\/ro\/wp-json\/wp\/v2\/media?parent=124"}],"curies":[{"name":"wp","href":"https:\/\/api.w.org\/{rel}","templated":true}]}}