{"id":136,"date":"2023-04-11T17:08:52","date_gmt":"2023-04-11T15:08:52","guid":{"rendered":"https:\/\/ambchisinau.esteri.it\/italia-e-moldavia\/"},"modified":"2025-12-05T12:16:17","modified_gmt":"2025-12-05T10:16:17","slug":"italia-e-moldavia","status":"publish","type":"page","link":"https:\/\/ambchisinau.esteri.it\/ro\/italia-e-moldavia\/","title":{"rendered":"Italia \u0219i Moldova"},"content":{"rendered":"<p><strong><a href=\"https:\/\/ambchisinau.esteri.it\/it\/italia-e-moldavia\/480433496_964627469096676_1918343398231634997_n\/\" rel=\"attachment wp-att-2786\"><img loading=\"lazy\" decoding=\"async\" class=\"alignnone size-full wp-image-2786 img-fluid\" src=\"https:\/\/ambchisinau.esteri.it\/wp-content\/uploads\/2025\/12\/480433496_964627469096676_1918343398231634997_n.jpg\" alt=\"\" width=\"1920\" height=\"1279\" srcset=\"https:\/\/ambchisinau.esteri.it\/wp-content\/uploads\/2025\/12\/480433496_964627469096676_1918343398231634997_n.jpg 1920w, https:\/\/ambchisinau.esteri.it\/wp-content\/uploads\/2025\/12\/480433496_964627469096676_1918343398231634997_n-300x200.jpg 300w, https:\/\/ambchisinau.esteri.it\/wp-content\/uploads\/2025\/12\/480433496_964627469096676_1918343398231634997_n-1024x682.jpg 1024w, https:\/\/ambchisinau.esteri.it\/wp-content\/uploads\/2025\/12\/480433496_964627469096676_1918343398231634997_n-768x512.jpg 768w\" sizes=\"auto, (max-width: 1920px) 100vw, 1920px\" \/><\/a>Originile \u0219i stabilirea rela\u021biilor diplomatice\u00a0<\/strong><\/p>\n<p>Italia \u0219i Moldova au stabilit rela\u021bii diplomatice la 21 februarie 1992.<\/p>\n<p>Ambasada Republicii Moldova la Roma a fost deschis\u0103 la 1 aprilie 1998.<\/p>\n<p><strong>Evolu\u021bia rela\u021biilor biilaterale<\/strong><\/p>\n<p>Cele dou\u0103 \u021a\u0103ri se m\u00e2ndresc cu rela\u021bii bilaterale excelente, dovad\u0103 fiind numeroasele vizite institu\u021bionale \u0219i politice, \u00een special din ultimii ani.<\/p>\n<p style=\"text-align: justify;\">Pre\u0219edintele Republicii Itaiene, Sergio Mattarella, a fost primul \u0218ef de Stat care a efectuat o vizit\u0103 oficial\u0103 \u00een Republica Moldova, \u00een perioada 17-18 iunie 2024. Cu aceast\u0103 ocazie, Pre\u0219edintele Mattarella i-a confirmat Pre\u0219edintelui Sandu sentimentele de prietenie pe care poporul italian le nutre\u0219te fa\u021b\u0103 de poporul moldovean \u0219i a depus o coroan\u0103 de flori la monumentul lui \u0218tefan cel Mare \u0219i Sf\u00e2nt.<\/p>\n<p style=\"text-align: justify;\">La 16 \u0219i 17 septembrie 2024, Viceministrul Afacerilor Externe Edmondo Cirielli a condus Delega\u021bia italian\u0103 la Platforma de parteneriat cu Moldova, un forum multilateral dedicat cooper\u0103rii pentru dezvoltare.<\/p>\n<p style=\"text-align: justify;\">La 27 \u0219i 28 mai 2025, Ministrul Justi\u021biei Carlo Nordio a semnat la Chi\u0219in\u0103u un Acord Tehnic \u00eentre cei doi Mini\u0219tri ai Justi\u021biei pentru consolidarea cooper\u0103rii judiciare, \u00een special \u00een ceea ce prive\u0219te lupta comun\u0103 \u00eempotriva corup\u021biei \u0219i criminalit\u0103\u021bii transna\u021bionale.<\/p>\n<p style=\"text-align: justify;\">Pre\u0219edintele Maia Sandu a vizitat Italia de trei ori doar \u00een 2025: \u00een iulie, pentru o \u00eentrevedere cu Pre\u0219edintele Mattarella \u0219i o vizit\u0103 pentru \u00eentrevederi cu diaspora moldoveneasc\u0103 din centrul \u0219i nordul Italiei; \u00een septembrie, pentru discu\u021bii cu Prim-ministrul Giorgia Meloni; \u0219i \u00een octombrie, pentru cea de-a 35-a aniversare a Comisiei de la Vene\u021bia.<\/p>\n<p style=\"text-align: justify;\">Domeniile de cooperare dintre cele dou\u0103 \u021a\u0103ri s-au extins mult \u00een ultimii ani: pe l\u00e2ng\u0103 politic\u0103, exist\u0103 acorduri economice, comerciale, culturale, \u0219tiin\u021bifice, \u00een domeniul s\u0103n\u0103t\u0103\u021bii, transporturilor, migra\u021biei \u0219i altele, fiind semnate multiple tratate bilaterale. Unul dintre cele mai importante acorduri bilaterale \u00eentre \u021a\u0103rile noastre este cel privind securitatea social\u0103. Tratatul a intrat \u00een vigoare la 1 septembrie 2025.<\/p>\n<p>&nbsp;<\/p>\n","protected":false},"excerpt":{"rendered":"Originile \u0219i stabilirea rela\u021biilor diplomatice\u00a0 Italia \u0219i Moldova au stabilit rela\u021bii diplomatice la 21 februarie 1992. Ambasada Republicii Moldova la Roma a fost deschis\u0103 la 1 aprilie 1998. Evolu\u021bia rela\u021biilor biilaterale Cele dou\u0103 \u021a\u0103ri se m\u00e2ndresc cu rela\u021bii bilaterale excelente, dovad\u0103 fiind numeroasele vizite institu\u021bionale \u0219i politice, \u00een special din ultimii ani. Pre\u0219edintele Republicii Itaiene, [&hellip;]","protected":false},"author":1,"featured_media":0,"parent":0,"menu_order":4,"comment_status":"closed","ping_status":"closed","template":"","meta":{"footnotes":""},"class_list":["post-136","page","type-page","status-publish","hentry"],"_links":{"self":[{"href":"https:\/\/ambchisinau.esteri.it\/ro\/wp-json\/wp\/v2\/pages\/136","targetHints":{"allow":["GET"]}}],"collection":[{"href":"https:\/\/ambchisinau.esteri.it\/ro\/wp-json\/wp\/v2\/pages"}],"about":[{"href":"https:\/\/ambchisinau.esteri.it\/ro\/wp-json\/wp\/v2\/types\/page"}],"author":[{"embeddable":true,"href":"https:\/\/ambchisinau.esteri.it\/ro\/wp-json\/wp\/v2\/users\/1"}],"replies":[{"embeddable":true,"href":"https:\/\/ambchisinau.esteri.it\/ro\/wp-json\/wp\/v2\/comments?post=136"}],"version-history":[{"count":3,"href":"https:\/\/ambchisinau.esteri.it\/ro\/wp-json\/wp\/v2\/pages\/136\/revisions"}],"predecessor-version":[{"id":2793,"href":"https:\/\/ambchisinau.esteri.it\/ro\/wp-json\/wp\/v2\/pages\/136\/revisions\/2793"}],"wp:attachment":[{"href":"https:\/\/ambchisinau.esteri.it\/ro\/wp-json\/wp\/v2\/media?parent=136"}],"curies":[{"name":"wp","href":"https:\/\/api.w.org\/{rel}","templated":true}]}}