{"id":137,"date":"2023-04-11T18:10:30","date_gmt":"2023-04-11T16:10:30","guid":{"rendered":"https:\/\/ambchisinau.esteri.it\/italia-e-moldavia\/diplomazia-economica\/"},"modified":"2025-12-09T11:05:14","modified_gmt":"2025-12-09T09:05:14","slug":"diplomazia-economica","status":"publish","type":"page","link":"https:\/\/ambchisinau.esteri.it\/ro\/italia-e-moldavia\/diplomazia-economica\/","title":{"rendered":"Diploma\u021bia economic\u0103"},"content":{"rendered":"<p style=\"text-align: justify;\">La 15 septembrie 2023, \u00een cadrul unei \u00eent\u00e2lniri \u00eentre Viceprim-ministrul \u0219i Ministrul de Externe Tajani \u0219i omologul s\u0103u moldovean Popescu, a fost semnat\u0103 o Declara\u021bie Comun\u0103 privind consolidarea parteneriatului strategic italo-moldovean \u00een urm\u0103toarele sectoare: energie, infrastructur\u0103, agroindustrie, energii regenerabile, produse farmaceutice \u0219i industria de ap\u0103rare.<\/p>\n<p style=\"text-align: justify;\">Stocul investi\u021biilor str\u0103ine directe italiene \u00een Republica Moldova \u00een 2024 s-a ridicat la 274 de milioane de euro, o cre\u0219tere semnificativ\u0103 fa\u021b\u0103 de anul precedent.<\/p>\n<p style=\"text-align: justify;\">Italia se num\u0103r\u0103 printre \u021a\u0103rile frunta\u0219e \u00een ceea ce prive\u0219te capitalul investit \u00een Republica Moldova. Balan\u021ba comercial\u0103 este, de asemenea, \u00een cre\u0219tere, Italia \u00eenregistr\u00e2nd un excedent de 239 de milioane de dolari \u00een 2024. Exporturile italiene au crescut, de asemenea, semnificativ \u00een ultimii ani.<\/p>\n<p style=\"text-align: justify;\">Camera de Comer\u021b Italian\u0103 din Moldova num\u0103r\u0103 peste 120 de companii membre din diverse sectoare de produc\u021bie. Pentru mai multe informa\u021bii, v\u0103 rug\u0103m s\u0103 vizita\u021bi pagina web a Camerei:\u00a0<a href=\"https:\/\/ccimd.md\/md\/home-md\/\">https:\/\/ccimd.md\/md\/home-md\/<\/a>.<\/p>\n<p style=\"text-align: justify;\">\n","protected":false},"excerpt":{"rendered":"La 15 septembrie 2023, \u00een cadrul unei \u00eent\u00e2lniri \u00eentre Viceprim-ministrul \u0219i Ministrul de Externe Tajani \u0219i omologul s\u0103u moldovean Popescu, a fost semnat\u0103 o Declara\u021bie Comun\u0103 privind consolidarea parteneriatului strategic italo-moldovean \u00een urm\u0103toarele sectoare: energie, infrastructur\u0103, agroindustrie, energii regenerabile, produse farmaceutice \u0219i industria de ap\u0103rare. Stocul investi\u021biilor str\u0103ine directe italiene \u00een Republica Moldova \u00een 2024 [&hellip;]","protected":false},"author":1,"featured_media":0,"parent":136,"menu_order":0,"comment_status":"closed","ping_status":"closed","template":"","meta":{"footnotes":""},"class_list":["post-137","page","type-page","status-publish","hentry"],"_links":{"self":[{"href":"https:\/\/ambchisinau.esteri.it\/ro\/wp-json\/wp\/v2\/pages\/137","targetHints":{"allow":["GET"]}}],"collection":[{"href":"https:\/\/ambchisinau.esteri.it\/ro\/wp-json\/wp\/v2\/pages"}],"about":[{"href":"https:\/\/ambchisinau.esteri.it\/ro\/wp-json\/wp\/v2\/types\/page"}],"author":[{"embeddable":true,"href":"https:\/\/ambchisinau.esteri.it\/ro\/wp-json\/wp\/v2\/users\/1"}],"replies":[{"embeddable":true,"href":"https:\/\/ambchisinau.esteri.it\/ro\/wp-json\/wp\/v2\/comments?post=137"}],"version-history":[{"count":3,"href":"https:\/\/ambchisinau.esteri.it\/ro\/wp-json\/wp\/v2\/pages\/137\/revisions"}],"predecessor-version":[{"id":2824,"href":"https:\/\/ambchisinau.esteri.it\/ro\/wp-json\/wp\/v2\/pages\/137\/revisions\/2824"}],"up":[{"embeddable":true,"href":"https:\/\/ambchisinau.esteri.it\/ro\/wp-json\/wp\/v2\/pages\/136"}],"wp:attachment":[{"href":"https:\/\/ambchisinau.esteri.it\/ro\/wp-json\/wp\/v2\/media?parent=137"}],"curies":[{"name":"wp","href":"https:\/\/api.w.org\/{rel}","templated":true}]}}