{"id":165,"date":"2023-04-11T17:09:11","date_gmt":"2023-04-11T15:09:11","guid":{"rendered":"https:\/\/ambchisinau.esteri.it\/news\/"},"modified":"2023-09-11T12:44:16","modified_gmt":"2023-09-11T10:44:16","slug":"news","status":"publish","type":"page","link":"https:\/\/ambchisinau.esteri.it\/ro\/news\/","title":{"rendered":"\u0218tiri"},"content":{"rendered":"        <div class=\"row\">\n\t\t\t<!-- Ricerca sedi post -->\n\t\t\t<div class=\"col-12 mt-4\">\n\t\t\t  <div class=\"callout callout-highlight note ricerca-esteri p-4\">\n                    <div class=\"callout-title\">\n                        <svg class=\"icon\">\n                            <use xlink:href=\"https:\/\/ambchisinau.esteri.it\/wp-content\/themes\/sedi-tema\/assets\/svg\/sprites.svg#it-search\"><\/use>\n                        <\/svg>Introduce\u021bi parametrii de c\u0103utare                    <\/div>\n                    <form id=\"searchFormPost\" name=\"form-search-post\" class=\"form-row align-items-center\" action=\"https:\/\/ambchisinau.esteri.it\/ro\/wp-json\/wp\/v2\/pages\/165\/\" method=\"GET\"> \n                        <!-- <div class=\"form-group pt-5\"> -->\n                            <!-- <input type=\"hidden\" id=\"lang\" name=\"lang\" value=\"\"> --> <!-- <\/div> -->\n\n                        <div class=\"it-datepicker-wrapper\">\n                            <div class=\"row\">\n                                <div class=\"form-group col-md-6\">\n                                    <label class=\"active\" for=\"date-init\">De la<\/label>\n                                    <input class=\"form-control\" name=\"date-init\" id=\"date-init\" type=\"date\" placeholder=\"gg\/mm\/aaaa\" value=\"\"lang=\"en-EN\">  \n                                <\/div>\n                                <div class=\"form-group col-md-6\">\n                                    <label class=\"active\" for=\"date-end\">La<\/label>\n                                    <input class=\"form-control\" name=\"date-end\" id=\"date-end\" type=\"date\" placeholder=\"gg\/mm\/aaaa\" value=\"\">\n                                <\/div>\n                            <\/div>\n                        <\/div>\n                        <div class=\"form-group col-md-12 mt-3\">\n                            <label for=\"searchText\">C\u0103utare gratuit\u0103<\/label>\n                            <input type=\"text\" name=\"searchText\" class=\"form-control\" id=\"searchText\" value=\"\">\n                        <\/div>\n                        <div class=\"form-group col-md-4 offset-md-8 text-end\">\n                            <a href=\"https:\/\/ambchisinau.esteri.it\/ro\/news\/\" title=\"Form reset\" id=\"resetImput\" class=\"btn btn-outline-primary btn-xs\">Reset<\/a>\n                            <button type=\"submit\" class=\"btn btn-primary btn-xs\">Mostra risultati<\/button>\n                        <\/div>\n                    <\/form>\n\t\t\t\t<\/div>\n\t\t\t<\/div>\n\t\t<\/div>\n                    \n            <div class=\"row\">\n                            <div class=\"col-12 mt-3\">\n                <!--start card-->\n                <div class=\"card-wrapper card-space\">\n                    <div class=\"card card-bg card-big border-bottom-card\">\n                        <div class=\"card-body \">\n                                                        <div class=\"category-top\">\n                                                                                                            <span class=\"\">\n                                        <svg class=\"icon icon-secondary\">\n                                            <use xlink:href=\"https:\/\/ambchisinau.esteri.it\/wp-content\/themes\/sedi-tema\/assets\/svg\/sprites.svg#it-calendar\"><\/use>\n                                        <\/svg> 24 aprilie 2026                                    <\/span>\n                                                                    <\/div>\n                            <h5 class=\"card-title big-heading text-uppercase\"><a class=\"text-body text-decoration-none\" href=\"https:\/\/ambchisinau.esteri.it\/ro\/news\/dall_ambasciata\/2026\/04\/business-insights-from-italy-a-letter-to-international-investors-ed-aprilie-2026\/\" title=\"Business Insights from Italy \u2013 A Letter to International Investors ed. Aprilie 2026\">Business Insights from Italy \u2013 A Letter to International Investors ed. Aprilie 2026<\/a><\/h5>\n                            <p class=\"card-text\">A fost publicat\u0103 noua edi\u021bie a Business Insights from Italy &#8211; A Letter to International Investors &#8211;\u00a0buletinul informativ lunar al Ministerului Afacerilor Externe \u0219i Cooper\u0103rii Interna\u021bionale, realizat \u00een colaborare cu The European House \u2013 Ambrosetti. Publica\u021bia ofer\u0103 o imagine actualizat\u0103 asupra oportunit\u0103\u021bilor economice \u0219i de investi\u021bii \u00een Italia \u0219i con\u021bine analize \u0219i articole dedicate mediului [&hellip;]<\/p>\n                                <a title=\"Business Insights from Italy \u2013 A Letter to International Investors ed. Aprilie 2026\" class=\"read-more\" href=\"https:\/\/ambchisinau.esteri.it\/ro\/news\/dall_ambasciata\/2026\/04\/business-insights-from-italy-a-letter-to-international-investors-ed-aprilie-2026\/\">\n                                    <span class=\"text\">Cite\u0219te mai mult<\/span>\n                                    <svg class=\"icon\">\n                                    <use xlink:href=\"https:\/\/ambchisinau.esteri.it\/wp-content\/themes\/sedi-tema\/assets\/svg\/sprites.svg#it-arrow-right\"><\/use>\n                                    <\/svg>\n                                <\/a>\n                                                    <\/div>\n                    <\/div>\n                <\/div>\n                <!--end card-->\n                <\/div><!-- col-12 .mt-3-->\n                            <div class=\"col-12 mt-3\">\n                <!--start card-->\n                <div class=\"card-wrapper card-space\">\n                    <div class=\"card card-bg card-big border-bottom-card\">\n                        <div class=\"card-body \">\n                                                        <div class=\"category-top\">\n                                                                                                            <span class=\"\">\n                                        <svg class=\"icon icon-secondary\">\n                                            <use xlink:href=\"https:\/\/ambchisinau.esteri.it\/wp-content\/themes\/sedi-tema\/assets\/svg\/sprites.svg#it-calendar\"><\/use>\n                                        <\/svg> 27 martie 2026                                    <\/span>\n                                                                    <\/div>\n                            <h5 class=\"card-title big-heading text-uppercase\"><a class=\"text-body text-decoration-none\" href=\"https:\/\/ambchisinau.esteri.it\/ro\/news\/dall_ambasciata\/2026\/03\/3348\/\" title=\"Plata pensiilor INPS \u00een str\u0103in\u0103tate \u2013 Campanie de verificare a existen\u021bei \u00een via\u021b\u0103. Prima etap\u0103: anul 2026\">Plata pensiilor INPS \u00een str\u0103in\u0103tate \u2013 Campanie de verificare a existen\u021bei \u00een via\u021b\u0103. Prima etap\u0103: anul 2026<\/a><\/h5>\n                            <p class=\"card-text\">V\u0103 inform\u0103m c\u0103 INPS a demarat prima etap\u0103 a campaniei de verificare a existen\u021bei \u00een via\u021b\u0103 a pensionarilor care \u00eencaseaz\u0103 pensia \u00een str\u0103in\u0103tate. Prin urmare, \u00eencep\u00e2nd din 20 martie 2026, Citibank N.A. trimite cererile de atestare pensionarilor reziden\u021bi \u00een circumscrip\u021bia consular\u0103 a acestei Ambasade. Se precizeaz\u0103 c\u0103 atest\u0103rile trebuie s\u0103 ajung\u0103 la Citibank p\u00e2n\u0103 cel [&hellip;]<\/p>\n                                <a title=\"Plata pensiilor INPS \u00een str\u0103in\u0103tate \u2013 Campanie de verificare a existen\u021bei \u00een via\u021b\u0103. Prima etap\u0103: anul 2026\" class=\"read-more\" href=\"https:\/\/ambchisinau.esteri.it\/ro\/news\/dall_ambasciata\/2026\/03\/3348\/\">\n                                    <span class=\"text\">Cite\u0219te mai mult<\/span>\n                                    <svg class=\"icon\">\n                                    <use xlink:href=\"https:\/\/ambchisinau.esteri.it\/wp-content\/themes\/sedi-tema\/assets\/svg\/sprites.svg#it-arrow-right\"><\/use>\n                                    <\/svg>\n                                <\/a>\n                                                    <\/div>\n                    <\/div>\n                <\/div>\n                <!--end card-->\n                <\/div><!-- col-12 .mt-3-->\n                            <div class=\"col-12 mt-3\">\n                <!--start card-->\n                <div class=\"card-wrapper card-space\">\n                    <div class=\"card card-bg card-big border-bottom-card\">\n                        <div class=\"card-body \">\n                                                        <div class=\"category-top\">\n                                                                                                            <span class=\"\">\n                                        <svg class=\"icon icon-secondary\">\n                                            <use xlink:href=\"https:\/\/ambchisinau.esteri.it\/wp-content\/themes\/sedi-tema\/assets\/svg\/sprites.svg#it-calendar\"><\/use>\n                                        <\/svg> 25 martie 2026                                    <\/span>\n                                                                    <\/div>\n                            <h5 class=\"card-title big-heading text-uppercase\"><a class=\"text-body text-decoration-none\" href=\"https:\/\/ambchisinau.esteri.it\/ro\/news\/dall_ambasciata\/2026\/03\/business-insights-from-italy-a-letter-to-international-investors-ed-martie-2026\/\" title=\"Business Insights from Italy \u2013 A Letter to International Investors ed. Martie 2026\">Business Insights from Italy \u2013 A Letter to International Investors ed. Martie 2026<\/a><\/h5>\n                            <p class=\"card-text\">A fost publicat\u0103 noua edi\u021bie a Business Insights from Italy &#8211; A Letter to International Investors &#8211;\u00a0buletinul informativ lunar al Ministerului Afacerilor Externe \u0219i Cooper\u0103rii Interna\u021bionale, realizat \u00een colaborare cu The European House \u2013 Ambrosetti. Publica\u021bia ofer\u0103 o imagine actualizat\u0103 asupra oportunit\u0103\u021bilor economice \u0219i de investi\u021bii \u00een Italia \u0219i con\u021bine analize \u0219i articole dedicate mediului [&hellip;]<\/p>\n                                <a title=\"Business Insights from Italy \u2013 A Letter to International Investors ed. Martie 2026\" class=\"read-more\" href=\"https:\/\/ambchisinau.esteri.it\/ro\/news\/dall_ambasciata\/2026\/03\/business-insights-from-italy-a-letter-to-international-investors-ed-martie-2026\/\">\n                                    <span class=\"text\">Cite\u0219te mai mult<\/span>\n                                    <svg class=\"icon\">\n                                    <use xlink:href=\"https:\/\/ambchisinau.esteri.it\/wp-content\/themes\/sedi-tema\/assets\/svg\/sprites.svg#it-arrow-right\"><\/use>\n                                    <\/svg>\n                                <\/a>\n                                                    <\/div>\n                    <\/div>\n                <\/div>\n                <!--end card-->\n                <\/div><!-- col-12 .mt-3-->\n                            <div class=\"col-12 mt-3\">\n                <!--start card-->\n                <div class=\"card-wrapper card-space\">\n                    <div class=\"card card-bg card-big border-bottom-card\">\n                        <div class=\"card-body \">\n                                                        <div class=\"category-top\">\n                                                                                                            <span class=\"\">\n                                        <svg class=\"icon icon-secondary\">\n                                            <use xlink:href=\"https:\/\/ambchisinau.esteri.it\/wp-content\/themes\/sedi-tema\/assets\/svg\/sprites.svg#it-calendar\"><\/use>\n                                        <\/svg> 13 martie 2026                                    <\/span>\n                                                                    <\/div>\n                            <h5 class=\"card-title big-heading text-uppercase\"><a class=\"text-body text-decoration-none\" href=\"https:\/\/ambchisinau.esteri.it\/ro\/news\/dall_ambasciata\/2026\/03\/burse-de-studiu-obisnuite-si-italofonia-oferite-de-guvernul-italian-pentru-anul-academic-2026-2027\/\" title=\"Burse de studiu ordinare \u0219i Italofonia, oferite de Guvernul italian, pentru anul academic 2026-2027\">Burse de studiu ordinare \u0219i Italofonia, oferite de Guvernul italian, pentru anul academic 2026-2027<\/a><\/h5>\n                            <p class=\"card-text\">A fost publicat anun\u021bul de prezentare a candidaturii pentru bursele de studiu ordinare \u0219i Italofonia, oferite de Ministerul Afacerilor Externe \u0219i Cooper\u0103rii Interna\u021bionale (MAECI) pentru anul universitar 2026-2027. Pot candida at\u00e2t studen\u021bi str\u0103ini, c\u00e2t \u0219i cet\u0103\u021beni italieni reziden\u021bi \u00een str\u0103in\u0103tate (IRE). Bursele de studiu reprezint\u0103 un instrument de diploma\u021bie cultural\u0103 menit s\u0103 favorizeze cooperarea \u00een [&hellip;]<\/p>\n                                <a title=\"Burse de studiu ordinare \u0219i Italofonia, oferite de Guvernul italian, pentru anul academic 2026-2027\" class=\"read-more\" href=\"https:\/\/ambchisinau.esteri.it\/ro\/news\/dall_ambasciata\/2026\/03\/burse-de-studiu-obisnuite-si-italofonia-oferite-de-guvernul-italian-pentru-anul-academic-2026-2027\/\">\n                                    <span class=\"text\">Cite\u0219te mai mult<\/span>\n                                    <svg class=\"icon\">\n                                    <use xlink:href=\"https:\/\/ambchisinau.esteri.it\/wp-content\/themes\/sedi-tema\/assets\/svg\/sprites.svg#it-arrow-right\"><\/use>\n                                    <\/svg>\n                                <\/a>\n                                                    <\/div>\n                    <\/div>\n                <\/div>\n                <!--end card-->\n                <\/div><!-- col-12 .mt-3-->\n                            <div class=\"col-12 mt-3\">\n                <!--start card-->\n                <div class=\"card-wrapper card-space\">\n                    <div class=\"card card-bg card-big border-bottom-card\">\n                        <div class=\"card-body \">\n                                                        <div class=\"category-top\">\n                                                                                                            <span class=\"\">\n                                        <svg class=\"icon icon-secondary\">\n                                            <use xlink:href=\"https:\/\/ambchisinau.esteri.it\/wp-content\/themes\/sedi-tema\/assets\/svg\/sprites.svg#it-calendar\"><\/use>\n                                        <\/svg> 25 februarie 2026                                    <\/span>\n                                                                    <\/div>\n                            <h5 class=\"card-title big-heading text-uppercase\"><a class=\"text-body text-decoration-none\" href=\"https:\/\/ambchisinau.esteri.it\/ro\/news\/dall_ambasciata\/2026\/02\/business-insights-from-italy-a-letter-to-international-investors-ed-februarie-2026\/\" title=\"Business Insights from Italy \u2013 A Letter to International Investors ed. Februarie 2026\">Business Insights from Italy \u2013 A Letter to International Investors ed. Februarie 2026<\/a><\/h5>\n                            <p class=\"card-text\">A fost publicat\u0103 noua edi\u021bie a Business Insights from Italy &#8211; A Letter to International Investors &#8211;\u00a0buletinul informativ lunar al Ministerului Afacerilor Externe \u0219i Cooper\u0103rii Interna\u021bionale, realizat \u00een colaborare cu The European House \u2013 Ambrosetti. Publica\u021bia ofer\u0103 o imagine actualizat\u0103 asupra oportunit\u0103\u021bilor economice \u0219i de investi\u021bii \u00een Italia \u0219i con\u021bine analize \u0219i articole dedicate mediului [&hellip;]<\/p>\n                                <a title=\"Business Insights from Italy \u2013 A Letter to International Investors ed. Februarie 2026\" class=\"read-more\" href=\"https:\/\/ambchisinau.esteri.it\/ro\/news\/dall_ambasciata\/2026\/02\/business-insights-from-italy-a-letter-to-international-investors-ed-februarie-2026\/\">\n                                    <span class=\"text\">Cite\u0219te mai mult<\/span>\n                                    <svg class=\"icon\">\n                                    <use xlink:href=\"https:\/\/ambchisinau.esteri.it\/wp-content\/themes\/sedi-tema\/assets\/svg\/sprites.svg#it-arrow-right\"><\/use>\n                                    <\/svg>\n                                <\/a>\n                                                    <\/div>\n                    <\/div>\n                <\/div>\n                <!--end card-->\n                <\/div><!-- col-12 .mt-3-->\n                            <div class=\"col-12 mt-3\">\n                <!--start card-->\n                <div class=\"card-wrapper card-space\">\n                    <div class=\"card card-bg card-big border-bottom-card\">\n                        <div class=\"card-body \">\n                                                        <div class=\"category-top\">\n                                                                                                            <span class=\"\">\n                                        <svg class=\"icon icon-secondary\">\n                                            <use xlink:href=\"https:\/\/ambchisinau.esteri.it\/wp-content\/themes\/sedi-tema\/assets\/svg\/sprites.svg#it-calendar\"><\/use>\n                                        <\/svg> 5 februarie 2026                                    <\/span>\n                                                                    <\/div>\n                            <h5 class=\"card-title big-heading text-uppercase\"><a class=\"text-body text-decoration-none\" href=\"https:\/\/ambchisinau.esteri.it\/ro\/news\/dall_ambasciata\/2026\/02\/anunt-important-intreruperea-furnizarii-serviciilor-de-acceptare-si-procesarii-a-cererilor-de-vize-13-17-februarie-2026\/\" title=\"Anun\u021b important: \u00centreruperea furniz\u0103rii serviciilor de acceptare \u0219i proces\u0103rii a cererilor de vize. 13-17 februarie 2026\">Anun\u021b important: \u00centreruperea furniz\u0103rii serviciilor de acceptare \u0219i proces\u0103rii a cererilor de vize. 13-17 februarie 2026<\/a><\/h5>\n                            <p class=\"card-text\">ANUN\u021a IMPORTANT! Ambasada Italiei la Chi\u0219in\u0103u comunic\u0103 c\u0103, \u00een perioada 13-17 februarie 2026, sistemul de operare VIS (Sistemul de Informa\u021bii privind Vizele) va fi temporar \u00eenchis. Este o interven\u021bie tehnic\u0103 programat\u0103 \u0219i urgent\u0103, care va duce la suspendarea temporar\u0103 a primirii \u0219i proces\u0103rii cererilor de viz\u0103, precum \u0219i a eliber\u0103rii vizelor de intrare. Aceast\u0103 suspendare [&hellip;]<\/p>\n                                <a title=\"Anun\u021b important: \u00centreruperea furniz\u0103rii serviciilor de acceptare \u0219i proces\u0103rii a cererilor de vize. 13-17 februarie 2026\" class=\"read-more\" href=\"https:\/\/ambchisinau.esteri.it\/ro\/news\/dall_ambasciata\/2026\/02\/anunt-important-intreruperea-furnizarii-serviciilor-de-acceptare-si-procesarii-a-cererilor-de-vize-13-17-februarie-2026\/\">\n                                    <span class=\"text\">Cite\u0219te mai mult<\/span>\n                                    <svg class=\"icon\">\n                                    <use xlink:href=\"https:\/\/ambchisinau.esteri.it\/wp-content\/themes\/sedi-tema\/assets\/svg\/sprites.svg#it-arrow-right\"><\/use>\n                                    <\/svg>\n                                <\/a>\n                                                    <\/div>\n                    <\/div>\n                <\/div>\n                <!--end card-->\n                <\/div><!-- col-12 .mt-3-->\n                            <div class=\"col-12 mt-3\">\n                <!--start card-->\n                <div class=\"card-wrapper card-space\">\n                    <div class=\"card card-bg card-big border-bottom-card\">\n                        <div class=\"card-body \">\n                                                        <div class=\"category-top\">\n                                                                                                            <span class=\"\">\n                                        <svg class=\"icon icon-secondary\">\n                                            <use xlink:href=\"https:\/\/ambchisinau.esteri.it\/wp-content\/themes\/sedi-tema\/assets\/svg\/sprites.svg#it-calendar\"><\/use>\n                                        <\/svg> 29 ianuarie 2026                                    <\/span>\n                                                                    <\/div>\n                            <h5 class=\"card-title big-heading text-uppercase\"><a class=\"text-body text-decoration-none\" href=\"https:\/\/ambchisinau.esteri.it\/ro\/news\/dall_ambasciata\/2026\/01\/business-insights-from-italy-a-letter-to-international-investors-ed-ianuarie-2026\/\" title=\"Business Insights from Italy \u2013 A Letter to International Investors ed. Ianuarie 2026\">Business Insights from Italy \u2013 A Letter to International Investors ed. Ianuarie 2026<\/a><\/h5>\n                            <p class=\"card-text\">A fost publicat\u0103 noua edi\u021bie a Business Insights from Italy &#8211; A Letter to International Investors &#8211;\u00a0buletinul informativ lunar al Ministerului Afacerilor Externe \u0219i Cooper\u0103rii Interna\u021bionale, realizat \u00een colaborare cu The European House \u2013 Ambrosetti. Publica\u021bia ofer\u0103 o imagine actualizat\u0103 asupra oportunit\u0103\u021bilor economice \u0219i de investi\u021bii \u00een Italia \u0219i con\u021bine analize \u0219i articole dedicate mediului [&hellip;]<\/p>\n                                <a title=\"Business Insights from Italy \u2013 A Letter to International Investors ed. Ianuarie 2026\" class=\"read-more\" href=\"https:\/\/ambchisinau.esteri.it\/ro\/news\/dall_ambasciata\/2026\/01\/business-insights-from-italy-a-letter-to-international-investors-ed-ianuarie-2026\/\">\n                                    <span class=\"text\">Cite\u0219te mai mult<\/span>\n                                    <svg class=\"icon\">\n                                    <use xlink:href=\"https:\/\/ambchisinau.esteri.it\/wp-content\/themes\/sedi-tema\/assets\/svg\/sprites.svg#it-arrow-right\"><\/use>\n                                    <\/svg>\n                                <\/a>\n                                                    <\/div>\n                    <\/div>\n                <\/div>\n                <!--end card-->\n                <\/div><!-- col-12 .mt-3-->\n                            <div class=\"col-12 mt-3\">\n                <!--start card-->\n                <div class=\"card-wrapper card-space\">\n                    <div class=\"card card-bg card-big border-bottom-card\">\n                        <div class=\"card-body \">\n                                                        <div class=\"category-top\">\n                                                                                                            <span class=\"\">\n                                        <svg class=\"icon icon-secondary\">\n                                            <use xlink:href=\"https:\/\/ambchisinau.esteri.it\/wp-content\/themes\/sedi-tema\/assets\/svg\/sprites.svg#it-calendar\"><\/use>\n                                        <\/svg> 29 ianuarie 2026                                    <\/span>\n                                                                    <\/div>\n                            <h5 class=\"card-title big-heading text-uppercase\"><a class=\"text-body text-decoration-none\" href=\"https:\/\/ambchisinau.esteri.it\/ro\/news\/dall_ambasciata\/2026\/01\/anunt-pentru-public-intreruperea-furnizarii-serviciilor-consulare-in-zilele-de-4-si-5-februarie-2026\/\" title=\"Anun\u021b pentru public: \u00centreruperea furniz\u0103rii serviciilor consulare \u00een zilele de 4 \u0219i 5 februarie 2026\">Anun\u021b pentru public: \u00centreruperea furniz\u0103rii serviciilor consulare \u00een zilele de 4 \u0219i 5 februarie 2026<\/a><\/h5>\n                            <p class=\"card-text\">Din cauza unei actualiz\u0103ri a aplica\u021biilor informatice ale Ministerului italian al Afacerilor Externe \u0219i Cooper\u0103rii Interna\u021bionale, \u00een zilele de 4 \u0219i 5 februarie 2026 va fi \u00eentrerupt\u0103 furnizarea serviciilor consulare. Cu toate acestea, ghi\u0219eele Biroului Consular al acestei Ambasade vor fi deschise pentru informa\u021bii \u0219i pentru asisten\u021ba cet\u0103\u021benilor italieni care se afl\u0103 \u00een situa\u021bii de [&hellip;]<\/p>\n                                <a title=\"Anun\u021b pentru public: \u00centreruperea furniz\u0103rii serviciilor consulare \u00een zilele de 4 \u0219i 5 februarie 2026\" class=\"read-more\" href=\"https:\/\/ambchisinau.esteri.it\/ro\/news\/dall_ambasciata\/2026\/01\/anunt-pentru-public-intreruperea-furnizarii-serviciilor-consulare-in-zilele-de-4-si-5-februarie-2026\/\">\n                                    <span class=\"text\">Cite\u0219te mai mult<\/span>\n                                    <svg class=\"icon\">\n                                    <use xlink:href=\"https:\/\/ambchisinau.esteri.it\/wp-content\/themes\/sedi-tema\/assets\/svg\/sprites.svg#it-arrow-right\"><\/use>\n                                    <\/svg>\n                                <\/a>\n                                                    <\/div>\n                    <\/div>\n                <\/div>\n                <!--end card-->\n                <\/div><!-- col-12 .mt-3-->\n                            <div class=\"col-12 mt-3\">\n                <!--start card-->\n                <div class=\"card-wrapper card-space\">\n                    <div class=\"card card-bg card-big border-bottom-card\">\n                        <div class=\"card-body \">\n                                                        <div class=\"category-top\">\n                                                                                                            <span class=\"\">\n                                        <svg class=\"icon icon-secondary\">\n                                            <use xlink:href=\"https:\/\/ambchisinau.esteri.it\/wp-content\/themes\/sedi-tema\/assets\/svg\/sprites.svg#it-calendar\"><\/use>\n                                        <\/svg> 27 ianuarie 2026                                    <\/span>\n                                                                    <\/div>\n                            <h5 class=\"card-title big-heading text-uppercase\"><a class=\"text-body text-decoration-none\" href=\"https:\/\/ambchisinau.esteri.it\/ro\/news\/dall_ambasciata\/2026\/01\/ziua-comemorarii-victimelor-holocaustului-videomesajul-vicepresedintelui-consiliului-de-ministri-si-ministrului-afacerilor-externe-si-cooperarii-internationale-antonio-tajani\/\" title=\"Ziua Comemor\u0103rii Victimelor Holocaustului: videomesajul Vicepre\u0219edintelui Consiliului de Mini\u0219tri \u0219i Ministrului Afacerilor Externe \u0219i Cooper\u0103rii Interna\u021bionale, Antonio Tajani\">Ziua Comemor\u0103rii Victimelor Holocaustului: videomesajul Vicepre\u0219edintelui Consiliului de Mini\u0219tri \u0219i Ministrului Afacerilor Externe \u0219i Cooper\u0103rii Interna\u021bionale, Antonio Tajani<\/a><\/h5>\n                            <p class=\"card-text\">ZIUA COMEMOR\u0102RII VICTIMELOR HOLOCAUSTULUI \u0218i \u00een acest an, cu ocazia Zilei Comemor\u0103rii Victimelor Holocaustului, care se s\u0103rb\u0103tore\u0219te pe 27 ianuarie, este difuzat un mesaj video \u00eenregistrat de viceprim-ministrul \u0219i ministrul afacerilor externe \u0219i cooper\u0103rii interna\u021bionale, Antonio Tajani: Traducerea mesajului video: \u201eAst\u0103zi, de Ziua Memoriei, aducem un omagiu victimelor Holocaustului \u0219i \u00eei comemor\u0103m pe supravie\u021buitori, pentru [&hellip;]<\/p>\n                                <a title=\"Ziua Comemor\u0103rii Victimelor Holocaustului: videomesajul Vicepre\u0219edintelui Consiliului de Mini\u0219tri \u0219i Ministrului Afacerilor Externe \u0219i Cooper\u0103rii Interna\u021bionale, Antonio Tajani\" class=\"read-more\" href=\"https:\/\/ambchisinau.esteri.it\/ro\/news\/dall_ambasciata\/2026\/01\/ziua-comemorarii-victimelor-holocaustului-videomesajul-vicepresedintelui-consiliului-de-ministri-si-ministrului-afacerilor-externe-si-cooperarii-internationale-antonio-tajani\/\">\n                                    <span class=\"text\">Cite\u0219te mai mult<\/span>\n                                    <svg class=\"icon\">\n                                    <use xlink:href=\"https:\/\/ambchisinau.esteri.it\/wp-content\/themes\/sedi-tema\/assets\/svg\/sprites.svg#it-arrow-right\"><\/use>\n                                    <\/svg>\n                                <\/a>\n                                                    <\/div>\n                    <\/div>\n                <\/div>\n                <!--end card-->\n                <\/div><!-- col-12 .mt-3-->\n                            <div class=\"col-12 mt-3\">\n                <!--start card-->\n                <div class=\"card-wrapper card-space\">\n                    <div class=\"card card-bg card-big border-bottom-card\">\n                        <div class=\"card-body \">\n                                                        <div class=\"category-top\">\n                                                                                                            <span class=\"\">\n                                        <svg class=\"icon icon-secondary\">\n                                            <use xlink:href=\"https:\/\/ambchisinau.esteri.it\/wp-content\/themes\/sedi-tema\/assets\/svg\/sprites.svg#it-calendar\"><\/use>\n                                        <\/svg> 19 decembrie 2025                                    <\/span>\n                                                                    <\/div>\n                            <h5 class=\"card-title big-heading text-uppercase\"><a class=\"text-body text-decoration-none\" href=\"https:\/\/ambchisinau.esteri.it\/ro\/news\/dall_ambasciata\/2025\/12\/business-insights-from-italy-a-letter-to-international-investors-ed-decembrie-2025\/\" title=\"Business Insights from Italy \u2013 A Letter to International Investors ed. Decembrie 2025\">Business Insights from Italy \u2013 A Letter to International Investors ed. Decembrie 2025<\/a><\/h5>\n                            <p class=\"card-text\">A fost publicat\u0103 noua edi\u021bie a Business Insights from Italy &#8211; A Letter to International Investors &#8211;\u00a0buletinul informativ lunar al Ministerului Afacerilor Externe \u0219i Cooper\u0103rii Interna\u021bionale, realizat \u00een colaborare cu The European House \u2013 Ambrosetti. Publica\u021bia ofer\u0103 o imagine actualizat\u0103 asupra oportunit\u0103\u021bilor economice \u0219i de investi\u021bii \u00een Italia \u0219i con\u021bine analize \u0219i articole dedicate mediului [&hellip;]<\/p>\n                                <a title=\"Business Insights from Italy \u2013 A Letter to International Investors ed. Decembrie 2025\" class=\"read-more\" href=\"https:\/\/ambchisinau.esteri.it\/ro\/news\/dall_ambasciata\/2025\/12\/business-insights-from-italy-a-letter-to-international-investors-ed-decembrie-2025\/\">\n                                    <span class=\"text\">Cite\u0219te mai mult<\/span>\n                                    <svg class=\"icon\">\n                                    <use xlink:href=\"https:\/\/ambchisinau.esteri.it\/wp-content\/themes\/sedi-tema\/assets\/svg\/sprites.svg#it-arrow-right\"><\/use>\n                                    <\/svg>\n                                <\/a>\n                                                    <\/div>\n                    <\/div>\n                <\/div>\n                <!--end card-->\n                <\/div><!-- col-12 .mt-3-->\n            \n            <div class=\"col-md-12 mt-4 pb-4\">\n                <nav class=\"navigation col-md-12\" aria-label=\"Navigation\">\n                    <h2 class=\"screen-reader-text visually-hidden\">Paginazione<\/h2>\n                    <div class=\"nav-links\">\n                    <span aria-current=\"page\" class=\"page-numbers current\">1<\/span>\n<a class=\"page-numbers\" href=\"https:\/\/ambchisinau.esteri.it\/ro\/wp-json\/wp\/v2\/pages\/165\/?pag=2\">2<\/a>\n<a class=\"page-numbers\" href=\"https:\/\/ambchisinau.esteri.it\/ro\/wp-json\/wp\/v2\/pages\/165\/?pag=3\">3<\/a>\n<span class=\"page-numbers dots\">&hellip;<\/span>\n<a class=\"page-numbers\" href=\"https:\/\/ambchisinau.esteri.it\/ro\/wp-json\/wp\/v2\/pages\/165\/?pag=6\">6<\/a>\n<a class=\"next page-numbers\" href=\"https:\/\/ambchisinau.esteri.it\/ro\/wp-json\/wp\/v2\/pages\/165\/?pag=2\"><svg class=\"icon icon-primary\"><use xlink:href=\"https:\/\/ambchisinau.esteri.it\/wp-content\/themes\/sedi-tema\/assets\/svg\/sprites.svg#it-chevron-right\"><\/use><\/svg>\n                                    <span class=\"visually-hidden\">Pagina urm\u0103toare<\/span><\/a>                    <\/div>\n                <\/nav>\n            <\/div>   <!--.col-md-12 -->\n              <\/div><!--.row -->\n              \n","protected":false},"excerpt":{"rendered":"","protected":false},"author":1,"featured_media":0,"parent":0,"menu_order":8,"comment_status":"closed","ping_status":"closed","template":"","meta":{"footnotes":""},"class_list":["post-165","page","type-page","status-publish","hentry"],"_links":{"self":[{"href":"https:\/\/ambchisinau.esteri.it\/ro\/wp-json\/wp\/v2\/pages\/165","targetHints":{"allow":["GET"]}}],"collection":[{"href":"https:\/\/ambchisinau.esteri.it\/ro\/wp-json\/wp\/v2\/pages"}],"about":[{"href":"https:\/\/ambchisinau.esteri.it\/ro\/wp-json\/wp\/v2\/types\/page"}],"author":[{"embeddable":true,"href":"https:\/\/ambchisinau.esteri.it\/ro\/wp-json\/wp\/v2\/users\/1"}],"replies":[{"embeddable":true,"href":"https:\/\/ambchisinau.esteri.it\/ro\/wp-json\/wp\/v2\/comments?post=165"}],"version-history":[{"count":1,"href":"https:\/\/ambchisinau.esteri.it\/ro\/wp-json\/wp\/v2\/pages\/165\/revisions"}],"predecessor-version":[{"id":202,"href":"https:\/\/ambchisinau.esteri.it\/ro\/wp-json\/wp\/v2\/pages\/165\/revisions\/202"}],"wp:attachment":[{"href":"https:\/\/ambchisinau.esteri.it\/ro\/wp-json\/wp\/v2\/media?parent=165"}],"curies":[{"name":"wp","href":"https:\/\/api.w.org\/{rel}","templated":true}]}}