{"id":2243,"date":"2025-09-05T15:22:37","date_gmt":"2025-09-05T13:22:37","guid":{"rendered":"https:\/\/ambchisinau.esteri.it\/?page_id=2243"},"modified":"2025-09-05T15:32:44","modified_gmt":"2025-09-05T13:32:44","slug":"mesajul-ambasadorului","status":"publish","type":"page","link":"https:\/\/ambchisinau.esteri.it\/ro\/chi-siamo\/lambasciatore\/mesajul-ambasadorului\/","title":{"rendered":"Mesajul Ambasadorului"},"content":{"rendered":"<p style=\"text-align: justify;\">Dragi cona\u021bionali, stima\u021bi prieteni ai Italiei,<\/p>\n<p style=\"text-align: justify;\">este o adev\u0103rat\u0103 pl\u0103cere s\u0103 v\u0103 salut!<\/p>\n<p style=\"text-align: justify;\">Odat\u0103 cu prezentarea scrisorilor de acreditare, \u00eencepe \u00een mod oficial mandatul meu. Acest moment at\u00e2t de semnificativ \u00een via\u021ba unui ambasador mi-a permis s\u0103 \u00eei transmit Doamnei Pre\u0219edinte Sandu ur\u0103rile Italiei \u0219i s\u0103-i confirm sentimentele de prietenie \u0219i colaborare care \u00eensufle\u021besc rela\u021biile dintre \u021a\u0103rile noastre.<\/p>\n<p style=\"text-align: justify;\">Voi sunte\u021bi cei mai buni interpre\u021bi \u0219i cea mai autentic\u0103 m\u0103rturie a acestei frumoase realit\u0103\u021bi ce une\u0219te Italia \u0219i Moldova. Prin prezen\u021ba voastr\u0103 aici \u0219i datorit\u0103 muncii voastre, sfera diplomatic\u0103 este \u00eembog\u0103\u021bit\u0103 de o bogat\u0103 re\u021bea de interac\u021biuni personale \u0219i familiale, care devin mai naturale \u0219i mai vii datorit\u0103 ospitalit\u0103\u021bii poporului moldovean \u0219i apropierii lingvistice \u0219i culturale.<\/p>\n<p style=\"text-align: justify;\">Anume \u00een acest context \u00ee\u0219i desf\u0103\u0219oar\u0103 activitatea Ambasada Italiei. Din 2009 p\u00e2n\u0103 ast\u0103zi s-au schimbat multe. Numeroase sunt obiectivele atinse \u00eempreun\u0103: Acordul privind Securitatea Social\u0103, intrat \u00een vigoare acum c\u00e2teva zile, este un exemplu concret. Ast\u0103zi, Roma \u0219i Chi\u0219in\u0103u lucreaz\u0103 cot la cot \u00een diferite contexte: de la contribu\u021bia comun\u0103 la misiunile interna\u021bionale de pace la combaterea dezinform\u0103rii, de la eficien\u021ba energetic\u0103 la securitate. Acestea sunt doar c\u00e2teva dintre temele abordate \u00een numeroasele discu\u021bii la nivel \u00eenalt dintre \u0218efii de Stat, Premierii \u0219i Mini\u0219trii \u021a\u0103rilor noastre, care, \u00een ultimii ani, s-au \u00eent\u00e2lnit de multe ori.<\/p>\n<p style=\"text-align: justify;\">Dup\u0103 cum pute\u021bi constata zilnic, Italia \u0219i Moldova \u00eemp\u0103rt\u0103\u0219esc cele mai autentice valori europene, acele principii care pun \u00een centrul aten\u021biei persoana uman\u0103 cu drepturile sale inalienabile \u0219i respectarea regulilor fundamentale ale convie\u021buirii interna\u021bionale: pacea, respectarea integrit\u0103\u021bii teritoriale a Statelor, solidaritatea. \u00cen acest spirit, vom continua s\u0103 \u00eenso\u021bim integrarea deplin\u0103 \u00een Uniunea European\u0103, obiectiv care, prin decizia poporului, este \u00eenscris \u00een Constitu\u021bia Republicii Moldova.<\/p>\n<p style=\"text-align: justify;\">\n<p style=\"text-align: justify;\">Dragi cona\u021bionali \u0219i prieteni,<\/p>\n<p style=\"text-align: justify;\">colaboratorii mei \u0219i eu ne angaj\u0103m s\u0103 eficientiz\u0103m tot mai mult furnizarea serviciilor consulare, s\u0103 oferim un suport tot mai eficient companiilor italiene care investesc aici \u0219i creeaz\u0103 oportunit\u0103\u021bi de angajare, s\u0103 consolid\u0103m \u0219i s\u0103 articul\u0103m mai mult rela\u021biile dintre \u021a\u0103rile noastre. V\u0103 mul\u021bumesc sincer pentru orice sugestie pe care o ve\u021bi considera oportun\u0103 s\u0103 ne-o transmite\u021bi \u00een acest scop.<\/p>\n<p style=\"text-align: justify;\">Sunt sigur c\u0103 nu vor lipsi ocaziile de a ne \u00eent\u00e2lni \u0219i de a ne cunoa\u0219te personal \u0219i V\u0103 adresez salut\u0103rile mele cele mai cordiale,<\/p>\n<p>Giuseppe Maria Perricone<\/p>\n","protected":false},"excerpt":{"rendered":"Dragi cona\u021bionali, stima\u021bi prieteni ai Italiei, este o adev\u0103rat\u0103 pl\u0103cere s\u0103 v\u0103 salut! Odat\u0103 cu prezentarea scrisorilor de acreditare, \u00eencepe \u00een mod oficial mandatul meu. Acest moment at\u00e2t de semnificativ \u00een via\u021ba unui ambasador mi-a permis s\u0103 \u00eei transmit Doamnei Pre\u0219edinte Sandu ur\u0103rile Italiei \u0219i s\u0103-i confirm sentimentele de prietenie \u0219i colaborare care \u00eensufle\u021besc rela\u021biile [&hellip;]","protected":false},"author":4,"featured_media":0,"parent":131,"menu_order":0,"comment_status":"closed","ping_status":"closed","template":"","meta":{"footnotes":""},"class_list":["post-2243","page","type-page","status-publish","hentry"],"_links":{"self":[{"href":"https:\/\/ambchisinau.esteri.it\/ro\/wp-json\/wp\/v2\/pages\/2243","targetHints":{"allow":["GET"]}}],"collection":[{"href":"https:\/\/ambchisinau.esteri.it\/ro\/wp-json\/wp\/v2\/pages"}],"about":[{"href":"https:\/\/ambchisinau.esteri.it\/ro\/wp-json\/wp\/v2\/types\/page"}],"author":[{"embeddable":true,"href":"https:\/\/ambchisinau.esteri.it\/ro\/wp-json\/wp\/v2\/users\/4"}],"replies":[{"embeddable":true,"href":"https:\/\/ambchisinau.esteri.it\/ro\/wp-json\/wp\/v2\/comments?post=2243"}],"version-history":[{"count":1,"href":"https:\/\/ambchisinau.esteri.it\/ro\/wp-json\/wp\/v2\/pages\/2243\/revisions"}],"predecessor-version":[{"id":2244,"href":"https:\/\/ambchisinau.esteri.it\/ro\/wp-json\/wp\/v2\/pages\/2243\/revisions\/2244"}],"up":[{"embeddable":true,"href":"https:\/\/ambchisinau.esteri.it\/ro\/wp-json\/wp\/v2\/pages\/131"}],"wp:attachment":[{"href":"https:\/\/ambchisinau.esteri.it\/ro\/wp-json\/wp\/v2\/media?parent=2243"}],"curies":[{"name":"wp","href":"https:\/\/api.w.org\/{rel}","templated":true}]}}