{"id":2688,"date":"2025-11-19T18:07:17","date_gmt":"2025-11-19T16:07:17","guid":{"rendered":"https:\/\/ambchisinau.esteri.it\/?page_id=2688"},"modified":"2025-11-28T14:38:29","modified_gmt":"2025-11-28T12:38:29","slug":"politica-privind-retelele-sociale-si-neticheta","status":"publish","type":"page","link":"https:\/\/ambchisinau.esteri.it\/ro\/news\/multimedia\/politica-privind-retelele-sociale-si-neticheta\/","title":{"rendered":"Politica privind Re\u021belele sociale \u0219i Neticheta"},"content":{"rendered":"<p><img loading=\"lazy\" decoding=\"async\" class=\"alignnone size-full wp-image-2403 img-fluid\" src=\"https:\/\/ambchisinau.esteri.it\/wp-content\/uploads\/2024\/02\/Netiquette.jpg\" alt=\"\" width=\"1600\" height=\"1067\" srcset=\"https:\/\/ambchisinau.esteri.it\/wp-content\/uploads\/2024\/02\/Netiquette.jpg 1600w, https:\/\/ambchisinau.esteri.it\/wp-content\/uploads\/2024\/02\/Netiquette-300x200.jpg 300w, https:\/\/ambchisinau.esteri.it\/wp-content\/uploads\/2024\/02\/Netiquette-1024x683.jpg 1024w, https:\/\/ambchisinau.esteri.it\/wp-content\/uploads\/2024\/02\/Netiquette-768x512.jpg 768w\" sizes=\"auto, (max-width: 1600px) 100vw, 1600px\" \/><\/p>\n<p>Ambasada Italiei la Chi\u0219in\u0103u utilizeaz\u0103 re\u021belele sociale \u00een scopuri institu\u021bionale, pentru a spori transparen\u021ba \u0219i gradul de con\u0219tientizare cu privire la activit\u0103\u021bile sale: informeaz\u0103, comunic\u0103, ascult\u0103 \u0219i public\u0103 con\u021binut institu\u021bional.<\/p>\n<p>Profilul oficial al Ambasadei pe re\u021belele sociale este:\u00a0<a href=\"https:\/\/www.facebook.com\/AmbasciataItaliaChisinau\">Facebook;<\/a><\/p>\n<p>Con\u021binutul publicat include fotografii, videoclipuri institu\u021bionale, comunicate de pres\u0103, informa\u021bii de serviciu \u0219i \u0219tiri legate de activit\u0103\u021bile acestei Ambasade, precum \u0219i oportunit\u0103\u021bi de implicare \u0219i participare a cet\u0103\u021benilor. Datele cu caracter personal sunt utilizate \u00een conformitate cu reglement\u0103rile destinate protec\u021biei acestora.<\/p>\n<p>Prin intermediul canalelor sale de socializare, Ambasada poate distribui \u0219i republica con\u021binut \u0219i mesaje de interes \u0219i utilitate public\u0103 publicate de al\u021bi utilizatori.<\/p>\n<p>Ambasada se angajeaz\u0103 s\u0103 gestioneze spa\u021biile de comunicare \u0219i dialog din cadrul profilurilor sale de socializare, solicit\u00e2nd utilizatorilor s\u0103 respecte c\u00e2teva reguli simple:<\/p>\n<ol>\n<li style=\"text-align: justify;\">Toat\u0103 lumea este rugat\u0103 s\u0103-\u0219i exprime opiniile \u00een mod corect, moderat \u0219i respectuos.<\/li>\n<li style=\"text-align: justify;\">Pe re\u021belele de socializare, fiecare este responsabil pentru con\u021binutul pe care \u00eel public\u0103 \u0219i opiniile pe care le exprim\u0103. Nu vor fi tolerate insulte, vulgaritate, jigniri, amenin\u021b\u0103ri \u0219i, \u00een general, comportamentul violent sau def\u0103im\u0103tor.<\/li>\n<li style=\"text-align: justify;\">Con\u021binutul publicat trebuie s\u0103 respecte \u00eentotdeauna protec\u021bia datelor cu caracter personal. Vor fi evitate referirile la fapte sau detalii care nu sunt de interes public \u0219i care lezeaz\u0103 sfera personal\u0103 a ter\u021bilor.<\/li>\n<li style=\"text-align: justify;\">Relevan\u021ba subiectelor pentru activit\u0103\u021bile acestei Ambasadei este un criteriu esen\u021bial: aceste spa\u021bii nu pot fi utilizate \u00een alte scopuri dec\u00e2t cele institu\u021bionale.<\/li>\n<li style=\"text-align: justify;\">Fiecare discu\u021bie este legat\u0103 de un subiect specific: to\u021bi participan\u021bii sunt obliga\u021bi s\u0103 respecte acest lucru, evit\u00e2nd extinderea discu\u021biei \u00eentr-un mod generic \u0219i nediscriminatoriu.<\/li>\n<li style=\"text-align: justify;\">Nu va fi tolerat\u0103 nicio form\u0103 de publicitate, spam sau promovare a intereselor private sau a activit\u0103\u021bilor ilegale.<\/li>\n<li style=\"text-align: justify;\">Nu sunt permise con\u021binuturi ce \u00eencalc\u0103 drepturile de autor sau utilizarea neautorizat\u0103 a m\u0103rcilor \u00eenregistrate.<\/li>\n<\/ol>\n<p style=\"text-align: justify;\">\u00cen orice caz, acolo unde canalul social permite acest lucru, vor fi \u0219terse toate post\u0103rile, comentariile sau materialele audio\/video care:<\/p>\n<ul>\n<li>con\u021bin un limbaj inadecvat \u0219i\/sau un ton amenin\u021b\u0103tor, violent, vulgar sau lipsit de respect;<\/li>\n<li>con\u021bin con\u021binut ilegal sau incit\u0103 la activit\u0103\u021bi ilegale;<\/li>\n<li>con\u021bin con\u021binut ofensator, \u00een\u0219el\u0103tor sau alarmist sau con\u021binut care \u00eencalc\u0103 drepturile ter\u021bilor;<\/li>\n<li>dezv\u0103luie date \u0219i informa\u021bii personale sau care pot cauza daune sau prejudicia reputa\u021bia ter\u021bilor;<\/li>\n<li style=\"text-align: justify;\">con\u021bin con\u021binut obscen, pornografic sau pedopornografic sau con\u021binut care poate ofensa sensibilitatea utilizatorilor;<\/li>\n<li style=\"text-align: justify;\">con\u021bin con\u021binut discriminatoriu pe baz\u0103 de gen, ras\u0103, etnie, limb\u0103, convingeri religioase, opinii politice, orientare sexual\u0103, v\u00e2rst\u0103, condi\u021bii personale \u0219i sociale;<\/li>\n<li style=\"text-align: justify;\">promoveaz\u0103 sau sus\u021bin activit\u0103\u021bi ilegale, \u00eencalc\u0103 drepturile de autor sau utilizeaz\u0103 \u00een mod abuziv o marc\u0103 \u00eenregistrat\u0103.<\/li>\n<\/ul>\n<p style=\"text-align: justify;\">Pentru cei ce vor \u00eencalca, \u00een mod repetat, aceste condi\u021bii sau cele cuprinse \u00een politicile instrumentelor adoptate, Ambasada Italiei la Chi\u0219in\u0103u, \u00een conformitate cu Politica MAECI privind re\u021belele sociale, \u00ee\u0219i rezerv\u0103 dreptul de a folosi func\u021bia de <em>banare <\/em>sau de blocare (acolo unde este posibil, dup\u0103 un prim avertisment) pentru a preveni interven\u021biile ulterioare, cu semnalarea utilizatorului respectiv administratorilor platformei \u0219i, dac\u0103 este necesar, For\u021belor de ordine.<\/p>\n<p>Aceast\u0103 Reprezentan\u021b\u0103 diplomatic\u0103 nu interac\u021bioneaz\u0103 cu utilizatorii prin intermediul profilurilor sale de social media, care nu \u00eenlocuiesc canalele obi\u0219nuite de acces public la informa\u021bii \u0219i servicii de asisten\u021b\u0103.<\/p>\n<p>Ambasada Italiei la Chi\u0219in\u0103u poate fi contactat\u0103 la adresa <a href=\"amb.chisinau@esteri.it\">amb.chisinau@esteri.it<\/a>.<\/p>\n<p>&nbsp;<\/p>\n","protected":false},"excerpt":{"rendered":"Ambasada Italiei la Chi\u0219in\u0103u utilizeaz\u0103 re\u021belele sociale \u00een scopuri institu\u021bionale, pentru a spori transparen\u021ba \u0219i gradul de con\u0219tientizare cu privire la activit\u0103\u021bile sale: informeaz\u0103, comunic\u0103, ascult\u0103 \u0219i public\u0103 con\u021binut institu\u021bional. Profilul oficial al Ambasadei pe re\u021belele sociale este:\u00a0Facebook; Con\u021binutul publicat include fotografii, videoclipuri institu\u021bionale, comunicate de pres\u0103, informa\u021bii de serviciu \u0219i \u0219tiri legate de activit\u0103\u021bile [&hellip;]","protected":false},"author":4,"featured_media":0,"parent":167,"menu_order":0,"comment_status":"closed","ping_status":"closed","template":"","meta":{"footnotes":""},"class_list":["post-2688","page","type-page","status-publish","hentry"],"_links":{"self":[{"href":"https:\/\/ambchisinau.esteri.it\/ro\/wp-json\/wp\/v2\/pages\/2688","targetHints":{"allow":["GET"]}}],"collection":[{"href":"https:\/\/ambchisinau.esteri.it\/ro\/wp-json\/wp\/v2\/pages"}],"about":[{"href":"https:\/\/ambchisinau.esteri.it\/ro\/wp-json\/wp\/v2\/types\/page"}],"author":[{"embeddable":true,"href":"https:\/\/ambchisinau.esteri.it\/ro\/wp-json\/wp\/v2\/users\/4"}],"replies":[{"embeddable":true,"href":"https:\/\/ambchisinau.esteri.it\/ro\/wp-json\/wp\/v2\/comments?post=2688"}],"version-history":[{"count":2,"href":"https:\/\/ambchisinau.esteri.it\/ro\/wp-json\/wp\/v2\/pages\/2688\/revisions"}],"predecessor-version":[{"id":2694,"href":"https:\/\/ambchisinau.esteri.it\/ro\/wp-json\/wp\/v2\/pages\/2688\/revisions\/2694"}],"up":[{"embeddable":true,"href":"https:\/\/ambchisinau.esteri.it\/ro\/wp-json\/wp\/v2\/pages\/167"}],"wp:attachment":[{"href":"https:\/\/ambchisinau.esteri.it\/ro\/wp-json\/wp\/v2\/media?parent=2688"}],"curies":[{"name":"wp","href":"https:\/\/api.w.org\/{rel}","templated":true}]}}